{"id":7619,"date":"2021-11-18T09:01:40","date_gmt":"2021-11-18T07:01:40","guid":{"rendered":"https:\/\/riederbach.ch\/profil\/"},"modified":"2021-12-16T21:15:39","modified_gmt":"2021-12-16T19:15:39","slug":"profil","status":"publish","type":"page","link":"https:\/\/riederbach.ch\/fr\/profil\/","title":{"rendered":"PROFIL"},"content":{"rendered":"\t\t<div data-elementor-type=\"wp-page\" data-elementor-id=\"7619\" class=\"elementor elementor-7619 elementor-4526\" data-elementor-post-type=\"page\">\n\t\t\t\t\t\t<section class=\"elementor-section elementor-top-section elementor-element elementor-element-e9bebcb elementor-section-height-min-height elementor-section-boxed elementor-section-height-default elementor-section-items-middle\" data-id=\"e9bebcb\" data-element_type=\"section\" data-e-type=\"section\">\n\t\t\t\t\t\t<div class=\"elementor-container elementor-column-gap-default\">\n\t\t\t\t\t<div class=\"elementor-column elementor-col-50 elementor-top-column elementor-element elementor-element-dc97f6b\" data-id=\"dc97f6b\" data-element_type=\"column\" data-e-type=\"column\">\n\t\t\t<div class=\"elementor-widget-wrap elementor-element-populated\">\n\t\t\t\t\t\t<div class=\"elementor-element elementor-element-e6c7dda elementor-widget elementor-widget-text-editor\" data-id=\"e6c7dda\" data-element_type=\"widget\" data-e-type=\"widget\" data-widget_type=\"text-editor.default\">\n\t\t\t\t<div class=\"elementor-widget-container\">\n\t\t\t\t\t\t\t\t\t<h6 style=\"text-align: left;\"><strong>Rieder Architektur devient le nouveau Rieder Bach Architektur<\/strong><br \/><strong>&#8211; Nouvelle apparence avec la qualit\u00e9 habituelle<\/strong><\/h6>\t\t\t\t\t\t\t\t<\/div>\n\t\t\t\t<\/div>\n\t\t\t\t<div class=\"elementor-element elementor-element-26ff2c2 elementor-widget elementor-widget-text-editor\" data-id=\"26ff2c2\" data-element_type=\"widget\" data-e-type=\"widget\" data-widget_type=\"text-editor.default\">\n\t\t\t\t<div class=\"elementor-widget-container\">\n\t\t\t\t\t\t\t\t\t<p class=\"MsoNormal\" style=\"text-align: justify; tab-stops: 288.0pt 342.0pt right 441.0pt;\"><span style=\"font-family: 'Montserrat'; font-size: 10pt; color: var( --e-global-color-text ); letter-spacing: var(--the7-base-letter-spacing); text-transform: var(--the7-base-text-transform); word-spacing: normal;\">Il y a deux ans,<\/span> <span style=\"font-family: 'Montserrat'; font-size: 10pt; color: var( --e-global-color-text ); letter-spacing: var(--the7-base-letter-spacing); text-transform: var(--the7-base-text-transform); word-spacing: normal;\">Hannes Bach, architecte dipl\u00f4m\u00e9, est devenu associ\u00e9 de Max Rieder. <\/span><span style=\"font-family: 'Montserrat'; font-size: 10pt; color: var( --e-global-color-text ); letter-spacing: var(--the7-base-letter-spacing); text-transform: var(--the7-base-text-transform); word-spacing: normal;\">A partir de 2022 cette coop\u00e9ration \u00e9prouv\u00e9e sera continu\u00e9<\/span>\u00a0<span style=\"font-family: 'Montserrat'; font-size: 10pt; color: var( --e-global-color-text ); letter-spacing: var(--the7-base-letter-spacing); text-transform: var(--the7-base-text-transform); word-spacing: normal;\">avec un nouveau look et le nouveau nom<\/span> <b style=\"font-family: 'Montserrat'; font-size: 10pt; color: var( --e-global-color-text ); letter-spacing: var(--the7-base-letter-spacing); text-transform: var(--the7-base-text-transform); word-spacing: normal;\">Rieder<\/b> <b style=\"font-family: 'Montserrat'; font-size: 10pt; color: var( --e-global-color-text ); letter-spacing: var(--the7-base-letter-spacing); text-transform: var(--the7-base-text-transform); word-spacing: normal;\">Bach Architektur<\/b><span style=\"font-family: 'Montserrat'; font-size: 10pt; color: var( --e-global-color-text ); letter-spacing: var(--the7-base-letter-spacing); text-transform: var(--the7-base-text-transform); word-spacing: normal;\">.<\/span><\/p>\n<p class=\"MsoNormal\" style=\"text-align: justify; tab-stops: 288.0pt 342.0pt right 441.0pt;\"><span style=\"font-family: 'Montserrat'; font-size: 10pt; color: var( --e-global-color-text ); letter-spacing: var(--the7-base-letter-spacing); text-transform: var(--the7-base-text-transform); word-spacing: normal;\">Il y a 32 ans, Max Rieder a commenc\u00e9 son travail d&rsquo;architecte ind\u00e9pendant, d&rsquo;abord en tant que partenaire de G\u00f6sta Tiemer sur la Cheseryplatz \u00e0 Gstaad. De 2002 \u00e0 2019, il a dirig\u00e9 et d\u00e9velopp\u00e9 le bureau du c\u00e9l\u00e8bre cabinet d&rsquo;architecture Rieder Architektur; depuis 2008 bas\u00e9 \u00e0 Bahnhofstrasse 5 \u00e0 Saanen.<\/span><\/p>\n<p class=\"MsoNormal\" style=\"text-align: justify; tab-stops: 288.0pt 342.0pt right 441.0pt;\"><\/p>\t\t\t\t\t\t\t\t<\/div>\n\t\t\t\t<\/div>\n\t\t\t\t\t<\/div>\n\t\t<\/div>\n\t\t\t\t<div class=\"elementor-column elementor-col-50 elementor-top-column elementor-element elementor-element-3445ba9\" data-id=\"3445ba9\" data-element_type=\"column\" data-e-type=\"column\">\n\t\t\t<div class=\"elementor-widget-wrap elementor-element-populated\">\n\t\t\t\t\t\t<div class=\"elementor-element elementor-element-04d3036 elementor-widget elementor-widget-image\" data-id=\"04d3036\" data-element_type=\"widget\" data-e-type=\"widget\" data-widget_type=\"image.default\">\n\t\t\t\t<div class=\"elementor-widget-container\">\n\t\t\t\t\t\t\t\t\t\t\t\t\t\t\t<img decoding=\"async\" src=\"https:\/\/riederbach.ch\/wp-content\/uploads\/2021\/11\/max_hannes_RB-scaled.jpg\" class=\"attachment-full size-full wp-image-7544\" alt=\"\" \/>\t\t\t\t\t\t\t\t\t\t\t\t\t\t\t<\/div>\n\t\t\t\t<\/div>\n\t\t\t\t\t<\/div>\n\t\t<\/div>\n\t\t\t\t\t<\/div>\n\t\t<\/section>\n\t\t\t\t<section class=\"elementor-section elementor-top-section elementor-element elementor-element-1fe2376 elementor-section-boxed elementor-section-height-default elementor-section-height-default\" data-id=\"1fe2376\" data-element_type=\"section\" data-e-type=\"section\">\n\t\t\t\t\t\t<div class=\"elementor-container elementor-column-gap-default\">\n\t\t\t\t\t<div class=\"elementor-column elementor-col-100 elementor-top-column elementor-element elementor-element-f12838c\" data-id=\"f12838c\" data-element_type=\"column\" data-e-type=\"column\">\n\t\t\t<div class=\"elementor-widget-wrap elementor-element-populated\">\n\t\t\t\t\t\t<div class=\"elementor-element elementor-element-f6ab4d9 elementor-widget elementor-widget-text-editor\" data-id=\"f6ab4d9\" data-element_type=\"widget\" data-e-type=\"widget\" data-widget_type=\"text-editor.default\">\n\t\t\t\t<div class=\"elementor-widget-container\">\n\t\t\t\t\t\t\t\t\t<p class=\"MsoNormal\" style=\"text-align: justify; tab-stops: 288.0pt 342.0pt right 441.0pt;\"><span style=\"font-size: 10.0pt; font-family: 'Montserrat';\">Le partenariat entre les architectes Max Rieder et Hannes Bach existe depuis deux ans. Deux g\u00e9n\u00e9rations qui allient exp\u00e9rience, tradition et innovation. Ensemble, vous garantissez une continuit\u00e9 et un d\u00e9veloppement continus de l&rsquo;entreprise. Les deux architectes locaux sont tr\u00e8s bien ancr\u00e9s localement et se caract\u00e9risent par leur grande solidarit\u00e9 et leur engagement envers leur patrie &#8211; le d\u00e9veloppement futur de la r\u00e9gion tout en maintenant la qualit\u00e9 et les valeurs du Saanenland est important pour vous et fait partie int\u00e9grante de leurs travail.<\/span><\/p>\n<p class=\"MsoNormal\" style=\"text-align: justify; tab-stops: 288.0pt 342.0pt right 441.0pt;\"><span style=\"font-family: 'Montserrat'; font-size: 10pt; color: var( --e-global-color-text ); letter-spacing: var(--the7-base-letter-spacing); text-transform: var(--the7-base-text-transform); word-spacing: normal;\">La soci\u00e9t\u00e9 Rieder Bach Architektur emploie 22 collaborateurs exp\u00e9riment\u00e9s et qualifi\u00e9s et forme ses propres sp\u00e9cialistes. Il est synonyme d&rsquo;artisanat local, de tradition, d&rsquo;innovation ainsi que de service individualis\u00e9 et sp\u00e9cifique au client. Du service classique de conception et d&rsquo;architecture \u00e0 l&rsquo;am\u00e9nagement int\u00e9rieur et au design d&rsquo;int\u00e9rieur, en passant par le d\u00e9veloppement de projets dans toutes les phases, Rieder Bach Architecture est votre prestataire g\u00e9n\u00e9ral pour les t\u00e2ches de planification et de construction au plus haut niveau.<\/span><\/p>\t\t\t\t\t\t\t\t<\/div>\n\t\t\t\t<\/div>\n\t\t\t\t\t<\/div>\n\t\t<\/div>\n\t\t\t\t\t<\/div>\n\t\t<\/section>\n\t\t\t\t<section class=\"elementor-section elementor-top-section elementor-element elementor-element-16acf6a elementor-section-height-min-height elementor-section-boxed elementor-section-height-default elementor-section-items-middle\" data-id=\"16acf6a\" data-element_type=\"section\" data-e-type=\"section\">\n\t\t\t\t\t\t<div class=\"elementor-container elementor-column-gap-default\">\n\t\t\t\t\t<div class=\"elementor-column elementor-col-50 elementor-top-column elementor-element elementor-element-d11065d\" data-id=\"d11065d\" data-element_type=\"column\" data-e-type=\"column\">\n\t\t\t<div class=\"elementor-widget-wrap elementor-element-populated\">\n\t\t\t\t\t\t<div class=\"elementor-element elementor-element-c5c43e5 elementor-widget elementor-widget-image\" data-id=\"c5c43e5\" data-element_type=\"widget\" data-e-type=\"widget\" data-widget_type=\"image.default\">\n\t\t\t\t<div class=\"elementor-widget-container\">\n\t\t\t\t\t\t\t\t\t\t\t\t\t\t\t\t<a href=\"https:\/\/riederbach.ch\/wp-content\/uploads\/2021\/11\/DSC_0467_edited2-scaled.jpg\" data-elementor-open-lightbox=\"yes\" data-elementor-lightbox-title=\"DSC_0467_edited2\" data-e-action-hash=\"#elementor-action%3Aaction%3Dlightbox%26settings%3DeyJpZCI6NzYwMywidXJsIjoiaHR0cHM6XC9cL3JpZWRlcmJhY2guY2hcL3dwLWNvbnRlbnRcL3VwbG9hZHNcLzIwMjFcLzExXC9EU0NfMDQ2N19lZGl0ZWQyLXNjYWxlZC5qcGcifQ%3D%3D\">\n\t\t\t\t\t\t\t<img fetchpriority=\"high\" decoding=\"async\" width=\"2560\" height=\"1700\" src=\"https:\/\/riederbach.ch\/wp-content\/uploads\/2021\/11\/DSC_0467_edited2-scaled.jpg\" class=\"attachment-full size-full wp-image-7603\" alt=\"\" srcset=\"https:\/\/riederbach.ch\/wp-content\/uploads\/2021\/11\/DSC_0467_edited2-scaled.jpg 2560w, https:\/\/riederbach.ch\/wp-content\/uploads\/2021\/11\/DSC_0467_edited2-300x199.jpg 300w, https:\/\/riederbach.ch\/wp-content\/uploads\/2021\/11\/DSC_0467_edited2-1024x680.jpg 1024w, https:\/\/riederbach.ch\/wp-content\/uploads\/2021\/11\/DSC_0467_edited2-768x510.jpg 768w, https:\/\/riederbach.ch\/wp-content\/uploads\/2021\/11\/DSC_0467_edited2-1536x1020.jpg 1536w, https:\/\/riederbach.ch\/wp-content\/uploads\/2021\/11\/DSC_0467_edited2-2048x1360.jpg 2048w\" sizes=\"(max-width: 2560px) 100vw, 2560px\" \/>\t\t\t\t\t\t\t\t<\/a>\n\t\t\t\t\t\t\t\t\t\t\t\t\t\t\t<\/div>\n\t\t\t\t<\/div>\n\t\t\t\t\t<\/div>\n\t\t<\/div>\n\t\t\t\t<div class=\"elementor-column elementor-col-50 elementor-top-column elementor-element elementor-element-414d79c\" data-id=\"414d79c\" data-element_type=\"column\" data-e-type=\"column\">\n\t\t\t<div class=\"elementor-widget-wrap elementor-element-populated\">\n\t\t\t\t\t\t<div class=\"elementor-element elementor-element-03a20aa elementor-widget elementor-widget-text-editor\" data-id=\"03a20aa\" data-element_type=\"widget\" data-e-type=\"widget\" data-widget_type=\"text-editor.default\">\n\t\t\t\t<div class=\"elementor-widget-container\">\n\t\t\t\t\t\t\t\t\t<h6 style=\"text-align: left;\"><strong>Bureau &#8211; Bahnhofstrasse 5<\/strong><\/h6>\t\t\t\t\t\t\t\t<\/div>\n\t\t\t\t<\/div>\n\t\t\t\t<div class=\"elementor-element elementor-element-3e87f4f elementor-widget elementor-widget-text-editor\" data-id=\"3e87f4f\" data-element_type=\"widget\" data-e-type=\"widget\" data-widget_type=\"text-editor.default\">\n\t\t\t\t<div class=\"elementor-widget-container\">\n\t\t\t\t\t\t\t\t\t<p class=\"MsoNormal\" style=\"text-align: justify; background-image: initial; background-position: initial; background-size: initial; background-repeat: initial; background-attachment: initial; background-origin: initial; background-clip: initial;\"><span style=\"font-size: 10.0pt; font-family: 'Montserrat'; color: black; mso-fareast-language: DE;\">Le chalet \u00ab\u00a0Alte Post\u00a0\u00bb a \u00e9t\u00e9 construit en 1905,\nlorsque Saanen a \u00e9t\u00e9 reli\u00e9 \u00e0 la ligne du chemin de fer du MOB (Montreux-Oberland\nBernois). Jusque-l\u00e0, le bureau de poste \u00e9tait et aurait d\u00fb \u00eatre dans la Dorfstrasse Pour des raisons pratiques, la Poste jusqu\u2019alors situ\u00e9e dans la rue du village, devait se trouver \u00e0 c\u00f4t\u00e9 de la gare.<\/span><\/p>\n<p class=\"MsoNormal\" style=\"text-align: justify; background-image: initial; background-position: initial; background-size: initial; background-repeat: initial; background-attachment: initial; background-origin: initial; background-clip: initial;\"><span style=\"font-size: 10.0pt; font-family: 'Montserrat'; color: black; mso-fareast-language: DE;\">Au rez-de-chauss\u00e9e, en plus de la Poste, la caisse municipale de Saanen y installa ses bureaux. Deux appartements lou\u00e9s \u00e0 l\u2019ann\u00e9e se trouvaient aux \u00e9tages.<\/span><\/p>\n<p class=\"MsoNormal\" style=\"text-align: justify; background-image: initial; background-position: initial; background-size: initial; background-repeat: initial; background-attachment: initial; background-origin: initial; background-clip: initial;\"><span style=\"font-size: 10.0pt; font-family: 'Montserrat'; color: black; mso-fareast-language: DE;\">Lorsque la caisse municipale d\u00e9m\u00e9nagea, le notaire Walter M\u00fcller y installa son \u00e9tude, reprise ensuite par son fils Michel, qui gardera son adresse \u00e0 l\u2019ancienne Poste jusqu\u2019en 2007.<\/span><\/p>\n<p style=\"text-align: justify; tab-stops: 288.0pt 342.0pt right 441.0pt;\"><\/p>\t\t\t\t\t\t\t\t<\/div>\n\t\t\t\t<\/div>\n\t\t\t\t\t<\/div>\n\t\t<\/div>\n\t\t\t\t\t<\/div>\n\t\t<\/section>\n\t\t\t\t<section class=\"elementor-section elementor-top-section elementor-element elementor-element-c45fb18 elementor-section-boxed elementor-section-height-default elementor-section-height-default\" data-id=\"c45fb18\" data-element_type=\"section\" data-e-type=\"section\">\n\t\t\t\t\t\t<div class=\"elementor-container elementor-column-gap-default\">\n\t\t\t\t\t<div class=\"elementor-column elementor-col-100 elementor-top-column elementor-element elementor-element-a32a05a\" data-id=\"a32a05a\" data-element_type=\"column\" data-e-type=\"column\">\n\t\t\t<div class=\"elementor-widget-wrap elementor-element-populated\">\n\t\t\t\t\t\t<div class=\"elementor-element elementor-element-fd45998 elementor-widget elementor-widget-text-editor\" data-id=\"fd45998\" data-element_type=\"widget\" data-e-type=\"widget\" data-widget_type=\"text-editor.default\">\n\t\t\t\t<div class=\"elementor-widget-container\">\n\t\t\t\t\t\t\t\t\t<p class=\"MsoNormal\" style=\"background-image: initial; background-position: initial; background-size: initial; background-repeat: initial; background-attachment: initial; background-origin: initial; background-clip: initial; text-align: justify;\"><span style=\"font-size: 10pt; font-family: 'Montserrat'; color: black;\">Au d\u00e9but des ann\u00e9es 1970, lorsque la Poste fut transf\u00e9r\u00e9e dans un nouveau b\u00e2timent juste en face du chalet de l\u2019Ancienne poste, c\u2019est l\u2019\u00e9cole John F. Kennedy International School qui reprit les locaux du rez-de-chauss\u00e9e, alors que <\/span><span style=\"color: black; font-family: 'Montserrat'; font-size: 10pt; letter-spacing: var(--the7-base-letter-spacing); text-transform: var(--the7-base-text-transform); word-spacing: normal;\">les logements des \u00e9tages sont rest\u00e9s lou\u00e9s. <\/span><span style=\"color: black; font-family: 'Montserrat'; font-size: 10pt; letter-spacing: var(--the7-base-letter-spacing); text-transform: var(--the7-base-text-transform); word-spacing: normal;\">Reprise de l&rsquo;ancien poste en 2007. Le b\u00e2timent a \u00e9t\u00e9 enti\u00e8rement r\u00e9nov\u00e9 et le <\/span><span style=\"color: black; font-family: 'Montserrat'; font-size: 10pt; letter-spacing: var(--the7-base-letter-spacing); text-transform: var(--the7-base-text-transform); word-spacing: normal;\">Rieder Architektur AG y a ouvert ses bureaux en 2008.<\/span><\/p>\n<p style=\"text-align: justify; tab-stops: 288.0pt 342.0pt right 441.0pt;\"><\/p>\t\t\t\t\t\t\t\t<\/div>\n\t\t\t\t<\/div>\n\t\t\t\t<div class=\"elementor-element elementor-element-ec28871 elementor-arrows-position-inside elementor-widget elementor-widget-image-carousel\" data-id=\"ec28871\" data-element_type=\"widget\" data-e-type=\"widget\" data-settings=\"{&quot;navigation&quot;:&quot;arrows&quot;,&quot;image_spacing_custom&quot;:{&quot;unit&quot;:&quot;px&quot;,&quot;size&quot;:15,&quot;sizes&quot;:[]},&quot;autoplay&quot;:&quot;yes&quot;,&quot;pause_on_hover&quot;:&quot;yes&quot;,&quot;pause_on_interaction&quot;:&quot;yes&quot;,&quot;autoplay_speed&quot;:5000,&quot;infinite&quot;:&quot;yes&quot;,&quot;speed&quot;:500,&quot;image_spacing_custom_tablet&quot;:{&quot;unit&quot;:&quot;px&quot;,&quot;size&quot;:&quot;&quot;,&quot;sizes&quot;:[]},&quot;image_spacing_custom_mobile&quot;:{&quot;unit&quot;:&quot;px&quot;,&quot;size&quot;:&quot;&quot;,&quot;sizes&quot;:[]}}\" data-widget_type=\"image-carousel.default\">\n\t\t\t\t<div class=\"elementor-widget-container\">\n\t\t\t\t\t\t\t<div class=\"elementor-image-carousel-wrapper swiper\" role=\"region\" aria-roledescription=\"carousel\" aria-label=\"Carrousel d\u2019images\" dir=\"ltr\">\n\t\t\t<div class=\"elementor-image-carousel swiper-wrapper\" aria-live=\"off\">\n\t\t\t\t\t\t\t\t<div class=\"swiper-slide\" role=\"group\" aria-roledescription=\"slide\" aria-label=\"1 sur 7\"><figure class=\"swiper-slide-inner\"><img decoding=\"async\" class=\"swiper-slide-image\" src=\"https:\/\/riederbach.ch\/wp-content\/uploads\/2021\/11\/rieder-architektur-interior-3288.jpg\" alt=\"rieder-architecture-interieur-3288\" \/><\/figure><\/div><div class=\"swiper-slide\" role=\"group\" aria-roledescription=\"slide\" aria-label=\"2 sur 7\"><figure class=\"swiper-slide-inner\"><img decoding=\"async\" class=\"swiper-slide-image\" src=\"https:\/\/riederbach.ch\/wp-content\/uploads\/2021\/11\/rieder-architektur-interior-3275.jpg\" alt=\"rieder-architecture-interieur-3275\" \/><\/figure><\/div><div class=\"swiper-slide\" role=\"group\" aria-roledescription=\"slide\" aria-label=\"3 sur 7\"><figure class=\"swiper-slide-inner\"><img decoding=\"async\" class=\"swiper-slide-image\" src=\"https:\/\/riederbach.ch\/wp-content\/uploads\/2021\/11\/rieder-architektur-interior-3225.jpg\" alt=\"rieder-architecture-interieur-3225\" \/><\/figure><\/div><div class=\"swiper-slide\" role=\"group\" aria-roledescription=\"slide\" aria-label=\"4 sur 7\"><figure class=\"swiper-slide-inner\"><img decoding=\"async\" class=\"swiper-slide-image\" src=\"https:\/\/riederbach.ch\/wp-content\/uploads\/2021\/11\/rieder-architektur-interior-3199.jpg\" alt=\"rieder-architecture-interieur-3199\" \/><\/figure><\/div><div class=\"swiper-slide\" role=\"group\" aria-roledescription=\"slide\" aria-label=\"5 sur 7\"><figure class=\"swiper-slide-inner\"><img decoding=\"async\" class=\"swiper-slide-image\" src=\"https:\/\/riederbach.ch\/wp-content\/uploads\/2021\/11\/rieder-architektur-interior-3180.jpg\" alt=\"rieder-architecture-interieur-3180\" \/><\/figure><\/div><div class=\"swiper-slide\" role=\"group\" aria-roledescription=\"slide\" aria-label=\"6 sur 7\"><figure class=\"swiper-slide-inner\"><img decoding=\"async\" class=\"swiper-slide-image\" src=\"https:\/\/riederbach.ch\/wp-content\/uploads\/2021\/11\/rieder-architektur-interior-3153.jpg\" alt=\"rieder-architecture-interieur-3153\" \/><\/figure><\/div><div class=\"swiper-slide\" role=\"group\" aria-roledescription=\"slide\" aria-label=\"7 sur 7\"><figure class=\"swiper-slide-inner\"><img decoding=\"async\" class=\"swiper-slide-image\" src=\"https:\/\/riederbach.ch\/wp-content\/uploads\/2021\/11\/rieder-architektur-interior-3142.jpg\" alt=\"rieder-architecture-interieur-3142\" \/><\/figure><\/div>\t\t\t<\/div>\n\t\t\t\t\t\t\t\t\t\t\t\t<div class=\"elementor-swiper-button elementor-swiper-button-prev\" role=\"button\" tabindex=\"0\">\n\t\t\t\t\t\t<i aria-hidden=\"true\" class=\"eicon-chevron-left\"><\/i>\t\t\t\t\t<\/div>\n\t\t\t\t\t<div class=\"elementor-swiper-button elementor-swiper-button-next\" role=\"button\" tabindex=\"0\">\n\t\t\t\t\t\t<i aria-hidden=\"true\" class=\"eicon-chevron-right\"><\/i>\t\t\t\t\t<\/div>\n\t\t\t\t\n\t\t\t\t\t\t\t\t\t<\/div>\n\t\t\t\t\t\t<\/div>\n\t\t\t\t<\/div>\n\t\t\t\t\t<\/div>\n\t\t<\/div>\n\t\t\t\t\t<\/div>\n\t\t<\/section>\n\t\t\t\t<\/div>\n\t\t","protected":false},"excerpt":{"rendered":"<p>Rieder Architektur devient le nouveau Rieder Bach Architektur&#8211; Nouvelle apparence avec la qualit\u00e9 habituelle Il y a deux ans, Hannes Bach, architecte dipl\u00f4m\u00e9, est devenu associ\u00e9 de Max Rieder. A partir de 2022 cette coop\u00e9ration \u00e9prouv\u00e9e sera continu\u00e9\u00a0avec un nouveau look et le nouveau nom Rieder Bach Architektur. Il y a 32 ans, Max Rieder&hellip;<\/p>\n","protected":false},"author":1,"featured_media":4895,"parent":0,"menu_order":0,"comment_status":"closed","ping_status":"closed","template":"elementor_header_footer","meta":{"footnotes":""},"class_list":["post-7619","page","type-page","status-publish","has-post-thumbnail","hentry"],"yoast_head":"<!-- This site is optimized with the Yoast SEO plugin v27.4 - https:\/\/yoast.com\/product\/yoast-seo-wordpress\/ -->\n<title>PROFIL - RIEDER BACH ARCHITEKTUR GSTAAD DEPUIS 1990<\/title>\n<meta name=\"description\" content=\"Bienvenue chez nous. Nous sommes un bureau d&#039;architecture de premier plan \u00e0 Gstaad et un leader du march\u00e9 de l&#039;architecture r\u00e9sidentielle haut de gamme en Suisse.\" \/>\n<meta name=\"robots\" content=\"index, follow, max-snippet:-1, max-image-preview:large, max-video-preview:-1\" \/>\n<link rel=\"canonical\" href=\"https:\/\/riederbach.ch\/fr\/profil\/\" \/>\n<meta property=\"og:locale\" content=\"fr_FR\" \/>\n<meta property=\"og:type\" content=\"article\" \/>\n<meta property=\"og:title\" content=\"PROFIL - RIEDER BACH ARCHITEKTUR GSTAAD DEPUIS 1990\" \/>\n<meta property=\"og:description\" content=\"Bienvenue chez nous. Nous sommes un bureau d&#039;architecture de premier plan \u00e0 Gstaad et un leader du march\u00e9 de l&#039;architecture r\u00e9sidentielle haut de gamme en Suisse.\" \/>\n<meta property=\"og:url\" content=\"https:\/\/riederbach.ch\/fr\/profil\/\" \/>\n<meta property=\"og:site_name\" content=\"RIEDER BACH ARCHITEKTUR GSTAAD\" \/>\n<meta property=\"article:publisher\" content=\"https:\/\/www.facebook.com\/riederbach\" \/>\n<meta property=\"article:modified_time\" content=\"2021-12-16T19:15:39+00:00\" \/>\n<meta property=\"og:image\" content=\"https:\/\/riederbach.ch\/wp-content\/uploads\/2021\/08\/home_rb_02.jpg\" \/>\n\t<meta property=\"og:image:width\" content=\"1719\" \/>\n\t<meta property=\"og:image:height\" content=\"1146\" \/>\n\t<meta property=\"og:image:type\" content=\"image\/jpeg\" \/>\n<meta name=\"twitter:card\" content=\"summary_large_image\" \/>\n<meta name=\"twitter:label1\" content=\"Dur\u00e9e de lecture estim\u00e9e\" \/>\n\t<meta name=\"twitter:data1\" content=\"6 minutes\" \/>\n<script type=\"application\/ld+json\" class=\"yoast-schema-graph\">{\"@context\":\"https:\\\/\\\/schema.org\",\"@graph\":[{\"@type\":\"WebPage\",\"@id\":\"https:\\\/\\\/riederbach.ch\\\/fr\\\/profil\\\/\",\"url\":\"https:\\\/\\\/riederbach.ch\\\/fr\\\/profil\\\/\",\"name\":\"PROFIL - RIEDER BACH ARCHITEKTUR GSTAAD DEPUIS 1990\",\"isPartOf\":{\"@id\":\"https:\\\/\\\/riederbach.ch\\\/fr\\\/#website\"},\"primaryImageOfPage\":{\"@id\":\"https:\\\/\\\/riederbach.ch\\\/fr\\\/profil\\\/#primaryimage\"},\"image\":{\"@id\":\"https:\\\/\\\/riederbach.ch\\\/fr\\\/profil\\\/#primaryimage\"},\"thumbnailUrl\":\"https:\\\/\\\/riederbach.ch\\\/wp-content\\\/uploads\\\/2021\\\/08\\\/home_rb_02.jpg\",\"datePublished\":\"2021-11-18T07:01:40+00:00\",\"dateModified\":\"2021-12-16T19:15:39+00:00\",\"description\":\"Bienvenue chez nous. Nous sommes un bureau d'architecture de premier plan \u00e0 Gstaad et un leader du march\u00e9 de l'architecture r\u00e9sidentielle haut de gamme en Suisse.\",\"breadcrumb\":{\"@id\":\"https:\\\/\\\/riederbach.ch\\\/fr\\\/profil\\\/#breadcrumb\"},\"inLanguage\":\"fr-FR\",\"potentialAction\":[{\"@type\":\"ReadAction\",\"target\":[\"https:\\\/\\\/riederbach.ch\\\/fr\\\/profil\\\/\"]}]},{\"@type\":\"ImageObject\",\"inLanguage\":\"fr-FR\",\"@id\":\"https:\\\/\\\/riederbach.ch\\\/fr\\\/profil\\\/#primaryimage\",\"url\":\"https:\\\/\\\/riederbach.ch\\\/wp-content\\\/uploads\\\/2021\\\/08\\\/home_rb_02.jpg\",\"contentUrl\":\"https:\\\/\\\/riederbach.ch\\\/wp-content\\\/uploads\\\/2021\\\/08\\\/home_rb_02.jpg\",\"width\":1719,\"height\":1146},{\"@type\":\"BreadcrumbList\",\"@id\":\"https:\\\/\\\/riederbach.ch\\\/fr\\\/profil\\\/#breadcrumb\",\"itemListElement\":[{\"@type\":\"ListItem\",\"position\":1,\"name\":\"Home\",\"item\":\"https:\\\/\\\/riederbach.ch\\\/fr\\\/accueil\\\/\"},{\"@type\":\"ListItem\",\"position\":2,\"name\":\"PROFIL\"}]},{\"@type\":\"WebSite\",\"@id\":\"https:\\\/\\\/riederbach.ch\\\/fr\\\/#website\",\"url\":\"https:\\\/\\\/riederbach.ch\\\/fr\\\/\",\"name\":\"RIEDER BACH ARCHITEKTUR GSTAAD\",\"description\":\"RIEDER BACH is a leading architecture office in Gstaad and a market leader in high-end residential architecture in Switzerland.\",\"publisher\":{\"@id\":\"https:\\\/\\\/riederbach.ch\\\/fr\\\/#organization\"},\"potentialAction\":[{\"@type\":\"SearchAction\",\"target\":{\"@type\":\"EntryPoint\",\"urlTemplate\":\"https:\\\/\\\/riederbach.ch\\\/fr\\\/?s={search_term_string}\"},\"query-input\":{\"@type\":\"PropertyValueSpecification\",\"valueRequired\":true,\"valueName\":\"search_term_string\"}}],\"inLanguage\":\"fr-FR\"},{\"@type\":\"Organization\",\"@id\":\"https:\\\/\\\/riederbach.ch\\\/fr\\\/#organization\",\"name\":\"RIEDER BACH ARCHITEKTUR GSTAAD\",\"url\":\"https:\\\/\\\/riederbach.ch\\\/fr\\\/\",\"logo\":{\"@type\":\"ImageObject\",\"inLanguage\":\"fr-FR\",\"@id\":\"https:\\\/\\\/riederbach.ch\\\/fr\\\/#\\\/schema\\\/logo\\\/image\\\/\",\"url\":\"https:\\\/\\\/riederbach.ch\\\/wp-content\\\/uploads\\\/2021\\\/08\\\/logo-350x100-1.png\",\"contentUrl\":\"https:\\\/\\\/riederbach.ch\\\/wp-content\\\/uploads\\\/2021\\\/08\\\/logo-350x100-1.png\",\"width\":350,\"height\":100,\"caption\":\"RIEDER BACH ARCHITEKTUR GSTAAD\"},\"image\":{\"@id\":\"https:\\\/\\\/riederbach.ch\\\/fr\\\/#\\\/schema\\\/logo\\\/image\\\/\"},\"sameAs\":[\"https:\\\/\\\/www.facebook.com\\\/riederbach\",\"https:\\\/\\\/www.instagram.com\\\/riederbach\\\/\",\"https:\\\/\\\/www.linkedin.com\\\/company\\\/11056632\\\/admin\\\/\"]}]}<\/script>\n<!-- \/ Yoast SEO plugin. -->","yoast_head_json":{"title":"PROFIL - RIEDER BACH ARCHITEKTUR GSTAAD DEPUIS 1990","description":"Bienvenue chez nous. Nous sommes un bureau d'architecture de premier plan \u00e0 Gstaad et un leader du march\u00e9 de l'architecture r\u00e9sidentielle haut de gamme en Suisse.","robots":{"index":"index","follow":"follow","max-snippet":"max-snippet:-1","max-image-preview":"max-image-preview:large","max-video-preview":"max-video-preview:-1"},"canonical":"https:\/\/riederbach.ch\/fr\/profil\/","og_locale":"fr_FR","og_type":"article","og_title":"PROFIL - RIEDER BACH ARCHITEKTUR GSTAAD DEPUIS 1990","og_description":"Bienvenue chez nous. Nous sommes un bureau d'architecture de premier plan \u00e0 Gstaad et un leader du march\u00e9 de l'architecture r\u00e9sidentielle haut de gamme en Suisse.","og_url":"https:\/\/riederbach.ch\/fr\/profil\/","og_site_name":"RIEDER BACH ARCHITEKTUR GSTAAD","article_publisher":"https:\/\/www.facebook.com\/riederbach","article_modified_time":"2021-12-16T19:15:39+00:00","og_image":[{"width":1719,"height":1146,"url":"https:\/\/riederbach.ch\/wp-content\/uploads\/2021\/08\/home_rb_02.jpg","type":"image\/jpeg"}],"twitter_card":"summary_large_image","twitter_misc":{"Dur\u00e9e de lecture estim\u00e9e":"6 minutes"},"schema":{"@context":"https:\/\/schema.org","@graph":[{"@type":"WebPage","@id":"https:\/\/riederbach.ch\/fr\/profil\/","url":"https:\/\/riederbach.ch\/fr\/profil\/","name":"PROFIL - RIEDER BACH ARCHITEKTUR GSTAAD DEPUIS 1990","isPartOf":{"@id":"https:\/\/riederbach.ch\/fr\/#website"},"primaryImageOfPage":{"@id":"https:\/\/riederbach.ch\/fr\/profil\/#primaryimage"},"image":{"@id":"https:\/\/riederbach.ch\/fr\/profil\/#primaryimage"},"thumbnailUrl":"https:\/\/riederbach.ch\/wp-content\/uploads\/2021\/08\/home_rb_02.jpg","datePublished":"2021-11-18T07:01:40+00:00","dateModified":"2021-12-16T19:15:39+00:00","description":"Bienvenue chez nous. Nous sommes un bureau d'architecture de premier plan \u00e0 Gstaad et un leader du march\u00e9 de l'architecture r\u00e9sidentielle haut de gamme en Suisse.","breadcrumb":{"@id":"https:\/\/riederbach.ch\/fr\/profil\/#breadcrumb"},"inLanguage":"fr-FR","potentialAction":[{"@type":"ReadAction","target":["https:\/\/riederbach.ch\/fr\/profil\/"]}]},{"@type":"ImageObject","inLanguage":"fr-FR","@id":"https:\/\/riederbach.ch\/fr\/profil\/#primaryimage","url":"https:\/\/riederbach.ch\/wp-content\/uploads\/2021\/08\/home_rb_02.jpg","contentUrl":"https:\/\/riederbach.ch\/wp-content\/uploads\/2021\/08\/home_rb_02.jpg","width":1719,"height":1146},{"@type":"BreadcrumbList","@id":"https:\/\/riederbach.ch\/fr\/profil\/#breadcrumb","itemListElement":[{"@type":"ListItem","position":1,"name":"Home","item":"https:\/\/riederbach.ch\/fr\/accueil\/"},{"@type":"ListItem","position":2,"name":"PROFIL"}]},{"@type":"WebSite","@id":"https:\/\/riederbach.ch\/fr\/#website","url":"https:\/\/riederbach.ch\/fr\/","name":"RIEDER BACH ARCHITEKTUR GSTAAD","description":"RIEDER BACH is a leading architecture office in Gstaad and a market leader in high-end residential architecture in Switzerland.","publisher":{"@id":"https:\/\/riederbach.ch\/fr\/#organization"},"potentialAction":[{"@type":"SearchAction","target":{"@type":"EntryPoint","urlTemplate":"https:\/\/riederbach.ch\/fr\/?s={search_term_string}"},"query-input":{"@type":"PropertyValueSpecification","valueRequired":true,"valueName":"search_term_string"}}],"inLanguage":"fr-FR"},{"@type":"Organization","@id":"https:\/\/riederbach.ch\/fr\/#organization","name":"RIEDER BACH ARCHITEKTUR GSTAAD","url":"https:\/\/riederbach.ch\/fr\/","logo":{"@type":"ImageObject","inLanguage":"fr-FR","@id":"https:\/\/riederbach.ch\/fr\/#\/schema\/logo\/image\/","url":"https:\/\/riederbach.ch\/wp-content\/uploads\/2021\/08\/logo-350x100-1.png","contentUrl":"https:\/\/riederbach.ch\/wp-content\/uploads\/2021\/08\/logo-350x100-1.png","width":350,"height":100,"caption":"RIEDER BACH ARCHITEKTUR GSTAAD"},"image":{"@id":"https:\/\/riederbach.ch\/fr\/#\/schema\/logo\/image\/"},"sameAs":["https:\/\/www.facebook.com\/riederbach","https:\/\/www.instagram.com\/riederbach\/","https:\/\/www.linkedin.com\/company\/11056632\/admin\/"]}]}},"_links":{"self":[{"href":"https:\/\/riederbach.ch\/fr\/wp-json\/wp\/v2\/pages\/7619","targetHints":{"allow":["GET"]}}],"collection":[{"href":"https:\/\/riederbach.ch\/fr\/wp-json\/wp\/v2\/pages"}],"about":[{"href":"https:\/\/riederbach.ch\/fr\/wp-json\/wp\/v2\/types\/page"}],"author":[{"embeddable":true,"href":"https:\/\/riederbach.ch\/fr\/wp-json\/wp\/v2\/users\/1"}],"replies":[{"embeddable":true,"href":"https:\/\/riederbach.ch\/fr\/wp-json\/wp\/v2\/comments?post=7619"}],"version-history":[{"count":31,"href":"https:\/\/riederbach.ch\/fr\/wp-json\/wp\/v2\/pages\/7619\/revisions"}],"predecessor-version":[{"id":10633,"href":"https:\/\/riederbach.ch\/fr\/wp-json\/wp\/v2\/pages\/7619\/revisions\/10633"}],"wp:featuredmedia":[{"embeddable":true,"href":"https:\/\/riederbach.ch\/fr\/wp-json\/wp\/v2\/media\/4895"}],"wp:attachment":[{"href":"https:\/\/riederbach.ch\/fr\/wp-json\/wp\/v2\/media?parent=7619"}],"curies":[{"name":"wp","href":"https:\/\/api.w.org\/{rel}","templated":true}]}}