{"id":6393,"date":"2021-11-04T15:37:34","date_gmt":"2021-11-04T13:37:34","guid":{"rendered":"https:\/\/riederbach.ch\/projets\/"},"modified":"2025-01-14T17:31:50","modified_gmt":"2025-01-14T15:31:50","slug":"projets","status":"publish","type":"page","link":"https:\/\/riederbach.ch\/fr\/projets\/","title":{"rendered":"PROJETS"},"content":{"rendered":"\t\t<div data-elementor-type=\"wp-page\" data-elementor-id=\"6393\" class=\"elementor elementor-6393 elementor-29\" data-elementor-post-type=\"page\">\n\t\t\t\t\t\t<section class=\"elementor-section elementor-top-section elementor-element elementor-element-73160be elementor-section-boxed elementor-section-height-default elementor-section-height-default\" data-id=\"73160be\" data-element_type=\"section\" data-e-type=\"section\">\n\t\t\t\t\t\t<div class=\"elementor-container elementor-column-gap-default\">\n\t\t\t\t\t<div class=\"elementor-column elementor-col-100 elementor-top-column elementor-element elementor-element-fba32cb\" data-id=\"fba32cb\" data-element_type=\"column\" data-e-type=\"column\">\n\t\t\t<div class=\"elementor-widget-wrap elementor-element-populated\">\n\t\t\t\t\t\t<div class=\"elementor-element elementor-element-73f0f7f elementor-widget elementor-widget-text-editor\" data-id=\"73f0f7f\" data-element_type=\"widget\" data-e-type=\"widget\" data-widget_type=\"text-editor.default\">\n\t\t\t\t<div class=\"elementor-widget-container\">\n\t\t\t\t\t\t\t\t\t<p style=\"text-align: center;\">Laissez-vous inspirer par quelques-uns de nos projets r\u00e9alis\u00e9s.&nbsp;<\/p>\n<p style=\"text-align: center;\">L&rsquo;accent est mis sur les souhaits individuels des clients, combin\u00e9s \u00e0 une architecture de chalet traditionnelle et \u00e0 l&rsquo;artisanat local qui transforme les mat\u00e9riaux les plus nobles en habitations de r\u00eave.&nbsp;&nbsp;<\/p>\n\t\t\t\t\t\t\t\t<\/div>\n\t\t\t\t<\/div>\n\t\t\t\t\t<\/div>\n\t\t<\/div>\n\t\t\t\t\t<\/div>\n\t\t<\/section>\n\t\t\t\t<section class=\"elementor-section elementor-top-section elementor-element elementor-element-a0d45a0 elementor-section-full_width elementor-section-height-default elementor-section-height-default\" data-id=\"a0d45a0\" data-element_type=\"section\" data-e-type=\"section\">\n\t\t\t\t\t\t<div class=\"elementor-container elementor-column-gap-default\">\n\t\t\t\t\t<div class=\"elementor-column elementor-col-100 elementor-top-column elementor-element elementor-element-c265e8c\" data-id=\"c265e8c\" data-element_type=\"column\" data-e-type=\"column\">\n\t\t\t<div class=\"elementor-widget-wrap elementor-element-populated\">\n\t\t\t\t\t\t<div class=\"elementor-element elementor-element-2515a21 elementor-widget elementor-widget-the7_elements\" data-id=\"2515a21\" data-element_type=\"widget\" data-e-type=\"widget\" data-widget_type=\"the7_elements.default\">\n\t\t\t\t<div class=\"elementor-widget-container\">\n\t\t\t\t\t<div class=\"portfolio-shortcode the7-elementor-widget the7_elements-2515a21 mode-masonry bottom-overlap-layout-list description-under-image quick-scale-img meta-info-off content-bg-on enable-bg-rollover resize-by-browser-width loading-effect-none jquery-filter\" data-padding=\"15px\" data-mobile-columns-num=\"1\" data-tablet-columns-num=\"2\" data-desktop-columns-num=\"2\" data-wide-desktop-columns-num=\"2\" data-post-limit=\"-1\" data-pagination-mode=\"none\" data-scroll-offset=\"\" aria-live=\"assertive\"><div class=\"iso-container dt-isotope custom-iso-columns\"><div class=\"visible wf-cell iso-item\" data-post-id=\"12095\" data-date=\"2023-03-06T17:50:45+02:00\" data-name=\"SARA\"><article class=\"post visible post-12095 type-post status-publish format-standard has-post-thumbnail hentry category-projets tag-alpes-fr tag-alpine-chalet-fr tag-alps-fr tag-architects-fr tag-architecture-fr tag-chalet-fr tag-design-fr tag-gstaad-fr tag-luxury-chalets-fr tag-real-state-fr tag-saanen-fr tag-suisse-fr tag-swiss-alps-fr tag-switzerland-fr tag-wood-fr tag-wood-construction-fr\" data-name=\"SARA\" data-date=\"2023-03-06T17:50:45+02:00\">\n\n\t<div class=\"post-thumbnail-wrap\">\n\t\t<div class=\"post-thumbnail\">\n\n\t\t\t<a class=\"post-thumbnail-rollover layzr-bg img-css-resize-wrapper\" aria-label=\"Image article\" href=\"https:\/\/riederbach.ch\/fr\/sara\/\"><img fetchpriority=\"high\" decoding=\"async\" width=\"1440\" height=\"960\" src=\"data:image\/svg+xml,%3Csvg%20xmlns%3D&#039;http%3A%2F%2Fwww.w3.org%2F2000%2Fsvg&#039;%20viewBox%3D&#039;0%200%201440%20960&#039;%2F%3E\" class=\"attachment-full size-full preload-me aspect lazy lazy-load\" alt=\"\" sizes=\"(max-width: 1440px) 100vw, 1440px\" style=\"--ratio: 1440 \/ 960;\" data-src=\"https:\/\/riederbach.ch\/wp-content\/uploads\/2023\/03\/Chalet-Sara_04.jpg\" loading=\"eager\" data-srcset=\"https:\/\/riederbach.ch\/wp-content\/uploads\/2023\/03\/Chalet-Sara_04.jpg 1440w, https:\/\/riederbach.ch\/wp-content\/uploads\/2023\/03\/Chalet-Sara_04-300x200.jpg 300w, https:\/\/riederbach.ch\/wp-content\/uploads\/2023\/03\/Chalet-Sara_04-1024x683.jpg 1024w, https:\/\/riederbach.ch\/wp-content\/uploads\/2023\/03\/Chalet-Sara_04-768x512.jpg 768w\" \/><\/a>\n\t\t<\/div>\n\t<\/div>\n\n\n<div class=\"post-entry-content\">\n\n\t<h3 class=\"ele-entry-title\"><a href=\"https:\/\/riederbach.ch\/fr\/sara\/\" rel=\"bookmark\" title=\"SARA\">SARA<\/a><\/h3>\n<\/div><\/article><\/div><div class=\"visible wf-cell iso-item\" data-post-id=\"11377\" data-date=\"2022-06-27T14:15:41+02:00\" data-name=\"VILLIGERHUS\"><article class=\"post visible post-11377 type-post status-publish format-standard has-post-thumbnail hentry category-projets tag-alpes-fr tag-alpine-chalet-fr tag-alps-fr tag-architects-fr tag-architecture-fr tag-chalet-fr tag-chalet-gstaad-fr tag-design-fr tag-gstaad-fr tag-immobilien-fr tag-immobilien-gstaad-fr tag-innenarchitektur-fr tag-innenarchitektur-gstaad-fr tag-luxury-chalets-fr tag-proprietes-a-vendre-gstaad-fr tag-real-estate-fr tag-real-estates-fr tag-saanen-fr tag-suisse-fr tag-swiss-alps-fr tag-switzerland-fr tag-wood-fr tag-wood-construction-fr\" data-name=\"VILLIGERHUS\" data-date=\"2022-06-27T14:15:41+02:00\">\n\n\t<div class=\"post-thumbnail-wrap\">\n\t\t<div class=\"post-thumbnail\">\n\n\t\t\t<a class=\"post-thumbnail-rollover layzr-bg img-css-resize-wrapper\" aria-label=\"Image article\" href=\"https:\/\/riederbach.ch\/fr\/villigerhus\/\"><img decoding=\"async\" width=\"1440\" height=\"960\" src=\"data:image\/svg+xml,%3Csvg%20xmlns%3D&#039;http%3A%2F%2Fwww.w3.org%2F2000%2Fsvg&#039;%20viewBox%3D&#039;0%200%201440%20960&#039;%2F%3E\" class=\"attachment-full size-full preload-me aspect lazy lazy-load\" alt=\"\" sizes=\"(max-width: 1440px) 100vw, 1440px\" style=\"--ratio: 1440 \/ 960;\" data-src=\"https:\/\/riederbach.ch\/wp-content\/uploads\/2022\/06\/villigerhuss_1-1.jpg\" loading=\"eager\" data-srcset=\"https:\/\/riederbach.ch\/wp-content\/uploads\/2022\/06\/villigerhuss_1-1.jpg 1440w, https:\/\/riederbach.ch\/wp-content\/uploads\/2022\/06\/villigerhuss_1-1-300x200.jpg 300w, https:\/\/riederbach.ch\/wp-content\/uploads\/2022\/06\/villigerhuss_1-1-1024x683.jpg 1024w, https:\/\/riederbach.ch\/wp-content\/uploads\/2022\/06\/villigerhuss_1-1-768x512.jpg 768w\" \/><\/a>\n\t\t<\/div>\n\t<\/div>\n\n\n<div class=\"post-entry-content\">\n\n\t<h3 class=\"ele-entry-title\"><a href=\"https:\/\/riederbach.ch\/fr\/villigerhus\/\" rel=\"bookmark\" title=\"VILLIGERHUS\">VILLIGERHUS<\/a><\/h3>\n<\/div><\/article><\/div><div class=\"visible wf-cell iso-item\" data-post-id=\"6851\" data-date=\"2021-11-11T17:38:56+02:00\" data-name=\"PUSHKIN\"><article class=\"post visible post-6851 type-post status-publish format-standard has-post-thumbnail hentry category-projets category-proyectos tag-design-fr tag-innenarchitektur-gstaad tag-real-state tag-wood-fr tag-wood-construction-fr\" data-name=\"PUSHKIN\" data-date=\"2021-11-11T17:38:56+02:00\">\n\n\t<div class=\"post-thumbnail-wrap\">\n\t\t<div class=\"post-thumbnail\">\n\n\t\t\t<a class=\"post-thumbnail-rollover layzr-bg img-css-resize-wrapper\" aria-label=\"Image article\" href=\"https:\/\/riederbach.ch\/fr\/pushkin\/\"><img decoding=\"async\" width=\"1440\" height=\"960\" src=\"data:image\/svg+xml,%3Csvg%20xmlns%3D&#039;http%3A%2F%2Fwww.w3.org%2F2000%2Fsvg&#039;%20viewBox%3D&#039;0%200%201440%20960&#039;%2F%3E\" class=\"attachment-full size-full preload-me aspect lazy lazy-load\" alt=\"\" sizes=\"(max-width: 1440px) 100vw, 1440px\" style=\"--ratio: 1440 \/ 960;\" data-src=\"https:\/\/riederbach.ch\/wp-content\/uploads\/2021\/08\/Pushkin-015.jpg\" loading=\"eager\" data-srcset=\"https:\/\/riederbach.ch\/wp-content\/uploads\/2021\/08\/Pushkin-015.jpg 1440w, https:\/\/riederbach.ch\/wp-content\/uploads\/2021\/08\/Pushkin-015-300x200.jpg 300w, https:\/\/riederbach.ch\/wp-content\/uploads\/2021\/08\/Pushkin-015-1024x683.jpg 1024w, https:\/\/riederbach.ch\/wp-content\/uploads\/2021\/08\/Pushkin-015-768x512.jpg 768w\" \/><\/a>\n\t\t<\/div>\n\t<\/div>\n\n\n<div class=\"post-entry-content\">\n\n\t<h3 class=\"ele-entry-title\"><a href=\"https:\/\/riederbach.ch\/fr\/pushkin\/\" rel=\"bookmark\" title=\"PUSHKIN\">PUSHKIN<\/a><\/h3>\n<\/div><\/article><\/div><div class=\"visible wf-cell iso-item\" data-post-id=\"6845\" data-date=\"2021-11-11T17:34:46+02:00\" data-name=\"SCHIBEHUUS\"><article class=\"post visible post-6845 type-post status-publish format-standard has-post-thumbnail hentry category-projets tag-alpes-fr tag-alpine-chalet-fr tag-alps-fr tag-chalet-fr tag-design-fr tag-luxury-chalets-fr tag-real-state-fr tag-wood-fr tag-wood-construction-fr\" data-name=\"SCHIBEHUUS\" data-date=\"2021-11-11T17:34:46+02:00\">\n\n\t<div class=\"post-thumbnail-wrap\">\n\t\t<div class=\"post-thumbnail\">\n\n\t\t\t<a class=\"post-thumbnail-rollover layzr-bg img-css-resize-wrapper\" aria-label=\"Image article\" href=\"https:\/\/riederbach.ch\/fr\/schibehuus\/\"><img decoding=\"async\" width=\"1440\" height=\"960\" src=\"data:image\/svg+xml,%3Csvg%20xmlns%3D&#039;http%3A%2F%2Fwww.w3.org%2F2000%2Fsvg&#039;%20viewBox%3D&#039;0%200%201440%20960&#039;%2F%3E\" class=\"attachment-full size-full preload-me aspect lazy lazy-load\" alt=\"\" sizes=\"(max-width: 1440px) 100vw, 1440px\" style=\"--ratio: 1440 \/ 960;\" data-src=\"https:\/\/riederbach.ch\/wp-content\/uploads\/2021\/08\/Schibehuus-03.jpg\" loading=\"eager\" data-srcset=\"https:\/\/riederbach.ch\/wp-content\/uploads\/2021\/08\/Schibehuus-03.jpg 1440w, https:\/\/riederbach.ch\/wp-content\/uploads\/2021\/08\/Schibehuus-03-300x200.jpg 300w, https:\/\/riederbach.ch\/wp-content\/uploads\/2021\/08\/Schibehuus-03-1024x683.jpg 1024w, https:\/\/riederbach.ch\/wp-content\/uploads\/2021\/08\/Schibehuus-03-768x512.jpg 768w\" \/><\/a>\n\t\t<\/div>\n\t<\/div>\n\n\n<div class=\"post-entry-content\">\n\n\t<h3 class=\"ele-entry-title\"><a href=\"https:\/\/riederbach.ch\/fr\/schibehuus\/\" rel=\"bookmark\" title=\"SCHIBEHUUS\">SCHIBEHUUS<\/a><\/h3>\n<\/div><\/article><\/div><div class=\"visible wf-cell iso-item\" data-post-id=\"6620\" data-date=\"2021-11-09T12:41:53+02:00\" data-name=\"COEUR DE GSTAAD II\"><article class=\"post visible post-6620 type-post status-publish format-standard has-post-thumbnail hentry category-projets tag-alpes-fr tag-alpine-chalet-fr tag-alps-fr tag-alt-holz tag-architects-fr tag-architecture-fr tag-chalet-fr tag-design-fr tag-gstaad-fr tag-innenarchitektur-gstaad tag-luxury-chalets-fr tag-saanen-fr tag-suisse-fr tag-swiss-alps-fr tag-switzerland-fr tag-wood-fr tag-wood-construction-fr\" data-name=\"COEUR DE GSTAAD II\" data-date=\"2021-11-09T12:41:53+02:00\">\n\n\t<div class=\"post-thumbnail-wrap\">\n\t\t<div class=\"post-thumbnail\">\n\n\t\t\t<a class=\"post-thumbnail-rollover layzr-bg img-css-resize-wrapper\" aria-label=\"Image article\" href=\"https:\/\/riederbach.ch\/fr\/coeur-de-gstaad-ii\/\"><img decoding=\"async\" width=\"1440\" height=\"960\" src=\"data:image\/svg+xml,%3Csvg%20xmlns%3D&#039;http%3A%2F%2Fwww.w3.org%2F2000%2Fsvg&#039;%20viewBox%3D&#039;0%200%201440%20960&#039;%2F%3E\" class=\"attachment-full size-full preload-me aspect lazy lazy-load\" alt=\"\" sizes=\"(max-width: 1440px) 100vw, 1440px\" style=\"--ratio: 1440 \/ 960;\" data-src=\"https:\/\/riederbach.ch\/wp-content\/uploads\/2021\/09\/Coeur-de-Gstaad-048.jpg\" loading=\"eager\" data-srcset=\"https:\/\/riederbach.ch\/wp-content\/uploads\/2021\/09\/Coeur-de-Gstaad-048.jpg 1440w, https:\/\/riederbach.ch\/wp-content\/uploads\/2021\/09\/Coeur-de-Gstaad-048-300x200.jpg 300w, https:\/\/riederbach.ch\/wp-content\/uploads\/2021\/09\/Coeur-de-Gstaad-048-1024x683.jpg 1024w, https:\/\/riederbach.ch\/wp-content\/uploads\/2021\/09\/Coeur-de-Gstaad-048-768x512.jpg 768w\" \/><\/a>\n\t\t<\/div>\n\t<\/div>\n\n\n<div class=\"post-entry-content\">\n\n\t<h3 class=\"ele-entry-title\"><a href=\"https:\/\/riederbach.ch\/fr\/coeur-de-gstaad-ii\/\" rel=\"bookmark\" title=\"COEUR DE GSTAAD II\">COEUR DE GSTAAD II<\/a><\/h3>\n<\/div><\/article><\/div><div class=\"visible wf-cell iso-item\" data-post-id=\"6585\" data-date=\"2021-11-09T12:30:28+02:00\" data-name=\"L&#039;ANCIENNE GRANGE\"><article class=\"post visible post-6585 type-post status-publish format-standard has-post-thumbnail hentry category-projets tag-alpes-fr tag-alpine-chalet-fr tag-alps-fr tag-architects-fr tag-architecture-fr tag-chalet-fr tag-design-fr tag-gstaad-fr tag-innenarchitektur-gstaad tag-luxury-chalets-fr tag-saanen-fr tag-suisse-fr tag-swiss-alps-fr tag-switzerland-fr tag-wood-fr tag-wood-construction-fr\" data-name=\"L&rsquo;ANCIENNE GRANGE\" data-date=\"2021-11-09T12:30:28+02:00\">\n\n\t<div class=\"post-thumbnail-wrap\">\n\t\t<div class=\"post-thumbnail\">\n\n\t\t\t<a class=\"post-thumbnail-rollover layzr-bg img-css-resize-wrapper\" aria-label=\"Image article\" href=\"https:\/\/riederbach.ch\/fr\/lancienne-grange\/\"><img decoding=\"async\" width=\"1440\" height=\"960\" src=\"data:image\/svg+xml,%3Csvg%20xmlns%3D&#039;http%3A%2F%2Fwww.w3.org%2F2000%2Fsvg&#039;%20viewBox%3D&#039;0%200%201440%20960&#039;%2F%3E\" class=\"attachment-full size-full preload-me aspect lazy lazy-load\" alt=\"\" sizes=\"(max-width: 1440px) 100vw, 1440px\" style=\"--ratio: 1440 \/ 960;\" data-src=\"https:\/\/riederbach.ch\/wp-content\/uploads\/2021\/08\/L-Ancienne-Grange-01.jpg\" loading=\"eager\" data-srcset=\"https:\/\/riederbach.ch\/wp-content\/uploads\/2021\/08\/L-Ancienne-Grange-01.jpg 1440w, https:\/\/riederbach.ch\/wp-content\/uploads\/2021\/08\/L-Ancienne-Grange-01-300x200.jpg 300w, https:\/\/riederbach.ch\/wp-content\/uploads\/2021\/08\/L-Ancienne-Grange-01-1024x683.jpg 1024w, https:\/\/riederbach.ch\/wp-content\/uploads\/2021\/08\/L-Ancienne-Grange-01-768x512.jpg 768w\" \/><\/a>\n\t\t<\/div>\n\t<\/div>\n\n\n<div class=\"post-entry-content\">\n\n\t<h3 class=\"ele-entry-title\"><a href=\"https:\/\/riederbach.ch\/fr\/lancienne-grange\/\" rel=\"bookmark\" title=\"L&rsquo;ANCIENNE GRANGE\">L&rsquo;ANCIENNE GRANGE<\/a><\/h3>\n<\/div><\/article><\/div><div class=\"visible wf-cell iso-item\" data-post-id=\"6578\" data-date=\"2021-11-09T12:20:49+02:00\" data-name=\"HOTEL SPITZHORN\"><article class=\"post visible post-6578 type-post status-publish format-standard has-post-thumbnail hentry category-projets tag-alpes-fr tag-alpine-chalet-fr tag-alps-fr tag-alt-holz tag-architects-fr tag-architecture-fr tag-chalet-fr tag-design-fr tag-gstaad-fr tag-innenarchitektur-gstaad tag-luxury-chalets-fr tag-saanen-fr tag-suisse-fr tag-swiss-alps-fr tag-switzerland-fr tag-wood-fr tag-wood-construction-fr\" data-name=\"HOTEL SPITZHORN\" data-date=\"2021-11-09T12:20:49+02:00\">\n\n\t<div class=\"post-thumbnail-wrap\">\n\t\t<div class=\"post-thumbnail\">\n\n\t\t\t<a class=\"post-thumbnail-rollover layzr-bg img-css-resize-wrapper\" aria-label=\"Image article\" href=\"https:\/\/riederbach.ch\/fr\/hotel-spitzhorn\/\"><img decoding=\"async\" width=\"1440\" height=\"960\" src=\"data:image\/svg+xml,%3Csvg%20xmlns%3D&#039;http%3A%2F%2Fwww.w3.org%2F2000%2Fsvg&#039;%20viewBox%3D&#039;0%200%201440%20960&#039;%2F%3E\" class=\"attachment-full size-full preload-me aspect lazy lazy-load\" alt=\"\" sizes=\"(max-width: 1440px) 100vw, 1440px\" style=\"--ratio: 1440 \/ 960;\" data-src=\"https:\/\/riederbach.ch\/wp-content\/uploads\/2021\/08\/Hotel-Spitzhorn-01.jpg\" loading=\"eager\" data-srcset=\"https:\/\/riederbach.ch\/wp-content\/uploads\/2021\/08\/Hotel-Spitzhorn-01.jpg 1440w, https:\/\/riederbach.ch\/wp-content\/uploads\/2021\/08\/Hotel-Spitzhorn-01-300x200.jpg 300w, https:\/\/riederbach.ch\/wp-content\/uploads\/2021\/08\/Hotel-Spitzhorn-01-1024x683.jpg 1024w, https:\/\/riederbach.ch\/wp-content\/uploads\/2021\/08\/Hotel-Spitzhorn-01-768x512.jpg 768w\" \/><\/a>\n\t\t<\/div>\n\t<\/div>\n\n\n<div class=\"post-entry-content\">\n\n\t<h3 class=\"ele-entry-title\"><a href=\"https:\/\/riederbach.ch\/fr\/hotel-spitzhorn\/\" rel=\"bookmark\" title=\"HOTEL SPITZHORN\">HOTEL SPITZHORN<\/a><\/h3>\n<\/div><\/article><\/div><div class=\"visible wf-cell iso-item\" data-post-id=\"6543\" data-date=\"2021-11-09T11:52:22+02:00\" data-name=\"HAUS AM DORFPLATZ\"><article class=\"post visible post-6543 type-post status-publish format-standard has-post-thumbnail hentry category-projets tag-alpes-fr tag-alpine-chalet-fr tag-alps-fr tag-alt-holz tag-architects-fr tag-architecture-fr tag-chalet-fr tag-design-fr tag-gstaad-fr tag-innenarchitektur-gstaad tag-luxury-chalets-fr tag-saanen-fr tag-suisse-fr tag-swiss-alps-fr tag-switzerland-fr tag-wood-fr\" data-name=\"HAUS AM DORFPLATZ\" data-date=\"2021-11-09T11:52:22+02:00\">\n\n\t<div class=\"post-thumbnail-wrap\">\n\t\t<div class=\"post-thumbnail\">\n\n\t\t\t<a class=\"post-thumbnail-rollover layzr-bg img-css-resize-wrapper\" aria-label=\"Image article\" href=\"https:\/\/riederbach.ch\/fr\/haus-am-dorfplatz\/\"><img decoding=\"async\" width=\"1440\" height=\"960\" src=\"data:image\/svg+xml,%3Csvg%20xmlns%3D&#039;http%3A%2F%2Fwww.w3.org%2F2000%2Fsvg&#039;%20viewBox%3D&#039;0%200%201440%20960&#039;%2F%3E\" class=\"attachment-full size-full preload-me aspect lazy lazy-load\" alt=\"\" sizes=\"(max-width: 1440px) 100vw, 1440px\" style=\"--ratio: 1440 \/ 960;\" data-src=\"https:\/\/riederbach.ch\/wp-content\/uploads\/2021\/08\/Haus-am-Dorfplatz-09.jpg\" loading=\"eager\" data-srcset=\"https:\/\/riederbach.ch\/wp-content\/uploads\/2021\/08\/Haus-am-Dorfplatz-09.jpg 1440w, https:\/\/riederbach.ch\/wp-content\/uploads\/2021\/08\/Haus-am-Dorfplatz-09-300x200.jpg 300w, https:\/\/riederbach.ch\/wp-content\/uploads\/2021\/08\/Haus-am-Dorfplatz-09-1024x683.jpg 1024w, https:\/\/riederbach.ch\/wp-content\/uploads\/2021\/08\/Haus-am-Dorfplatz-09-768x512.jpg 768w\" \/><\/a>\n\t\t<\/div>\n\t<\/div>\n\n\n<div class=\"post-entry-content\">\n\n\t<h3 class=\"ele-entry-title\"><a href=\"https:\/\/riederbach.ch\/fr\/haus-am-dorfplatz\/\" rel=\"bookmark\" title=\"HAUS AM DORFPLATZ\">HAUS AM DORFPLATZ<\/a><\/h3>\n<\/div><\/article><\/div><div class=\"visible wf-cell iso-item\" data-post-id=\"6536\" data-date=\"2021-11-09T11:38:36+02:00\" data-name=\"FERME DES CHAMPS\"><article class=\"post visible post-6536 type-post status-publish format-standard has-post-thumbnail hentry category-projets tag-alpes-fr tag-alpine-chalet-fr tag-alps-fr tag-alt-holz tag-architects-fr tag-architecture-fr tag-chalet-fr tag-design-fr tag-gstaad-fr tag-innenarchitektur-gstaad tag-luxury-chalets-fr tag-saanen-fr tag-suisse-fr tag-swiss-alps-fr tag-switzerland-fr tag-wood-fr tag-wood-construction-fr\" data-name=\"FERME DES CHAMPS\" data-date=\"2021-11-09T11:38:36+02:00\">\n\n\t<div class=\"post-thumbnail-wrap\">\n\t\t<div class=\"post-thumbnail\">\n\n\t\t\t<a class=\"post-thumbnail-rollover layzr-bg img-css-resize-wrapper\" aria-label=\"Image article\" href=\"https:\/\/riederbach.ch\/fr\/ferme-des-champs\/\"><img decoding=\"async\" width=\"1440\" height=\"960\" src=\"data:image\/svg+xml,%3Csvg%20xmlns%3D&#039;http%3A%2F%2Fwww.w3.org%2F2000%2Fsvg&#039;%20viewBox%3D&#039;0%200%201440%20960&#039;%2F%3E\" class=\"attachment-full size-full preload-me aspect lazy lazy-load\" alt=\"\" sizes=\"(max-width: 1440px) 100vw, 1440px\" style=\"--ratio: 1440 \/ 960;\" data-src=\"https:\/\/riederbach.ch\/wp-content\/uploads\/2021\/08\/Ferme-des-Champs-011.jpg\" loading=\"eager\" data-srcset=\"https:\/\/riederbach.ch\/wp-content\/uploads\/2021\/08\/Ferme-des-Champs-011.jpg 1440w, https:\/\/riederbach.ch\/wp-content\/uploads\/2021\/08\/Ferme-des-Champs-011-300x200.jpg 300w, https:\/\/riederbach.ch\/wp-content\/uploads\/2021\/08\/Ferme-des-Champs-011-1024x683.jpg 1024w, https:\/\/riederbach.ch\/wp-content\/uploads\/2021\/08\/Ferme-des-Champs-011-768x512.jpg 768w\" \/><\/a>\n\t\t<\/div>\n\t<\/div>\n\n\n<div class=\"post-entry-content\">\n\n\t<h3 class=\"ele-entry-title\"><a href=\"https:\/\/riederbach.ch\/fr\/ferme-des-champs\/\" rel=\"bookmark\" title=\"FERME DES CHAMPS\">FERME DES CHAMPS<\/a><\/h3>\n<\/div><\/article><\/div><div class=\"visible wf-cell iso-item\" data-post-id=\"6530\" data-date=\"2021-11-09T11:33:38+02:00\" data-name=\"FARNIENTE\"><article class=\"post visible post-6530 type-post status-publish format-standard has-post-thumbnail hentry category-projets tag-alpes-fr tag-alpine-chalet-fr tag-alps-fr tag-architects-fr tag-architecture-fr tag-chalet-fr tag-design-fr tag-gstaad-fr tag-innenarchitektur-gstaad tag-luxury-chalets-fr tag-saanen-fr tag-suisse-fr tag-swiss-alps-fr tag-switzerland-fr tag-wood-fr tag-wood-construction-fr\" data-name=\"FARNIENTE\" data-date=\"2021-11-09T11:33:38+02:00\">\n\n\t<div class=\"post-thumbnail-wrap\">\n\t\t<div class=\"post-thumbnail\">\n\n\t\t\t<a class=\"post-thumbnail-rollover layzr-bg img-css-resize-wrapper\" aria-label=\"Image article\" href=\"https:\/\/riederbach.ch\/fr\/farniente\/\"><img decoding=\"async\" width=\"1440\" height=\"960\" src=\"data:image\/svg+xml,%3Csvg%20xmlns%3D&#039;http%3A%2F%2Fwww.w3.org%2F2000%2Fsvg&#039;%20viewBox%3D&#039;0%200%201440%20960&#039;%2F%3E\" class=\"attachment-full size-full preload-me aspect lazy lazy-load\" alt=\"\" sizes=\"(max-width: 1440px) 100vw, 1440px\" style=\"--ratio: 1440 \/ 960;\" data-src=\"https:\/\/riederbach.ch\/wp-content\/uploads\/2021\/08\/Farniente-01.jpg\" loading=\"eager\" data-srcset=\"https:\/\/riederbach.ch\/wp-content\/uploads\/2021\/08\/Farniente-01.jpg 1440w, https:\/\/riederbach.ch\/wp-content\/uploads\/2021\/08\/Farniente-01-300x200.jpg 300w, https:\/\/riederbach.ch\/wp-content\/uploads\/2021\/08\/Farniente-01-1024x683.jpg 1024w, https:\/\/riederbach.ch\/wp-content\/uploads\/2021\/08\/Farniente-01-768x512.jpg 768w\" \/><\/a>\n\t\t<\/div>\n\t<\/div>\n\n\n<div class=\"post-entry-content\">\n\n\t<h3 class=\"ele-entry-title\"><a href=\"https:\/\/riederbach.ch\/fr\/farniente\/\" rel=\"bookmark\" title=\"FARNIENTE\">FARNIENTE<\/a><\/h3>\n<\/div><\/article><\/div><div class=\"visible wf-cell iso-item\" data-post-id=\"6524\" data-date=\"2021-11-09T11:13:49+02:00\" data-name=\"COUCOU\"><article class=\"post visible post-6524 type-post status-publish format-standard has-post-thumbnail hentry category-projets tag-alpes-fr tag-alpine-chalet-fr tag-alps-fr tag-architects-fr tag-architecture-fr tag-chalet-fr tag-design-fr tag-gstaad-fr tag-innenarchitektur-gstaad tag-luxury-chalets-fr tag-saanen-fr tag-suisse-fr tag-swiss-alps-fr tag-switzerland-fr tag-wood-fr tag-wood-construction-fr\" data-name=\"COUCOU\" data-date=\"2021-11-09T11:13:49+02:00\">\n\n\t<div class=\"post-thumbnail-wrap\">\n\t\t<div class=\"post-thumbnail\">\n\n\t\t\t<a class=\"post-thumbnail-rollover layzr-bg img-css-resize-wrapper\" aria-label=\"Image article\" href=\"https:\/\/riederbach.ch\/fr\/coucou\/\"><img decoding=\"async\" width=\"1440\" height=\"960\" src=\"data:image\/svg+xml,%3Csvg%20xmlns%3D&#039;http%3A%2F%2Fwww.w3.org%2F2000%2Fsvg&#039;%20viewBox%3D&#039;0%200%201440%20960&#039;%2F%3E\" class=\"attachment-full size-full preload-me aspect lazy lazy-load\" alt=\"\" sizes=\"(max-width: 1440px) 100vw, 1440px\" style=\"--ratio: 1440 \/ 960;\" data-src=\"https:\/\/riederbach.ch\/wp-content\/uploads\/2021\/08\/Coucou-013.jpg\" loading=\"eager\" data-srcset=\"https:\/\/riederbach.ch\/wp-content\/uploads\/2021\/08\/Coucou-013.jpg 1440w, https:\/\/riederbach.ch\/wp-content\/uploads\/2021\/08\/Coucou-013-300x200.jpg 300w, https:\/\/riederbach.ch\/wp-content\/uploads\/2021\/08\/Coucou-013-1024x683.jpg 1024w, https:\/\/riederbach.ch\/wp-content\/uploads\/2021\/08\/Coucou-013-768x512.jpg 768w\" \/><\/a>\n\t\t<\/div>\n\t<\/div>\n\n\n<div class=\"post-entry-content\">\n\n\t<h3 class=\"ele-entry-title\"><a href=\"https:\/\/riederbach.ch\/fr\/coucou\/\" rel=\"bookmark\" title=\"COUCOU\">COUCOU<\/a><\/h3>\n<\/div><\/article><\/div><div class=\"visible wf-cell iso-item\" data-post-id=\"6518\" data-date=\"2021-11-09T11:11:46+02:00\" data-name=\"AQUILA\"><article class=\"post visible post-6518 type-post status-publish format-standard has-post-thumbnail hentry category-projets tag-alpes-fr tag-alpine-chalet-fr tag-alps-fr tag-architects-fr tag-architecture-fr tag-chalet-fr tag-design-fr tag-gstaad-fr tag-luxury-chalets-fr tag-real-state-fr tag-realstates-fr tag-saanen-fr tag-suisse-fr tag-swiss-alps-fr tag-switzerland-fr tag-wood-fr tag-wood-construction-fr\" data-name=\"AQUILA\" data-date=\"2021-11-09T11:11:46+02:00\">\n\n\t<div class=\"post-thumbnail-wrap\">\n\t\t<div class=\"post-thumbnail\">\n\n\t\t\t<a class=\"post-thumbnail-rollover layzr-bg img-css-resize-wrapper\" aria-label=\"Image article\" href=\"https:\/\/riederbach.ch\/fr\/aquila\/\"><img decoding=\"async\" width=\"1440\" height=\"960\" src=\"data:image\/svg+xml,%3Csvg%20xmlns%3D&#039;http%3A%2F%2Fwww.w3.org%2F2000%2Fsvg&#039;%20viewBox%3D&#039;0%200%201440%20960&#039;%2F%3E\" class=\"attachment-full size-full preload-me aspect lazy lazy-load\" alt=\"\" sizes=\"(max-width: 1440px) 100vw, 1440px\" style=\"--ratio: 1440 \/ 960;\" data-src=\"https:\/\/riederbach.ch\/wp-content\/uploads\/2021\/08\/Aquila-011.jpg\" loading=\"eager\" data-srcset=\"https:\/\/riederbach.ch\/wp-content\/uploads\/2021\/08\/Aquila-011.jpg 1440w, https:\/\/riederbach.ch\/wp-content\/uploads\/2021\/08\/Aquila-011-300x200.jpg 300w, https:\/\/riederbach.ch\/wp-content\/uploads\/2021\/08\/Aquila-011-1024x683.jpg 1024w, https:\/\/riederbach.ch\/wp-content\/uploads\/2021\/08\/Aquila-011-768x512.jpg 768w\" \/><\/a>\n\t\t<\/div>\n\t<\/div>\n\n\n<div class=\"post-entry-content\">\n\n\t<h3 class=\"ele-entry-title\"><a href=\"https:\/\/riederbach.ch\/fr\/aquila\/\" rel=\"bookmark\" title=\"AQUILA\">AQUILA<\/a><\/h3>\n<\/div><\/article><\/div><div class=\"visible wf-cell iso-item\" data-post-id=\"6510\" data-date=\"2021-11-09T10:58:40+02:00\" data-name=\"COLOMBE\"><article class=\"post visible post-6510 type-post status-publish format-standard has-post-thumbnail hentry category-projets tag-alpes-fr tag-alpine-chalet-fr tag-alps-fr tag-architects-fr tag-architecture-fr tag-chalet-fr tag-design-fr tag-gstaad-fr tag-innenarchitektur-gstaad tag-luxury-chalets-fr tag-saanen-fr tag-suisse-fr tag-swiss-alps-fr tag-switzerland-fr tag-wood-fr tag-wood-construction-fr\" data-name=\"COLOMBE\" data-date=\"2021-11-09T10:58:40+02:00\">\n\n\t<div class=\"post-thumbnail-wrap\">\n\t\t<div class=\"post-thumbnail\">\n\n\t\t\t<a class=\"post-thumbnail-rollover layzr-bg img-css-resize-wrapper\" aria-label=\"Image article\" href=\"https:\/\/riederbach.ch\/fr\/colombe\/\"><img decoding=\"async\" width=\"1440\" height=\"960\" src=\"data:image\/svg+xml,%3Csvg%20xmlns%3D&#039;http%3A%2F%2Fwww.w3.org%2F2000%2Fsvg&#039;%20viewBox%3D&#039;0%200%201440%20960&#039;%2F%3E\" class=\"attachment-full size-full preload-me aspect lazy lazy-load\" alt=\"\" sizes=\"(max-width: 1440px) 100vw, 1440px\" style=\"--ratio: 1440 \/ 960;\" data-src=\"https:\/\/riederbach.ch\/wp-content\/uploads\/2021\/08\/Colombe-01.jpg\" loading=\"eager\" data-srcset=\"https:\/\/riederbach.ch\/wp-content\/uploads\/2021\/08\/Colombe-01.jpg 1440w, https:\/\/riederbach.ch\/wp-content\/uploads\/2021\/08\/Colombe-01-300x200.jpg 300w, https:\/\/riederbach.ch\/wp-content\/uploads\/2021\/08\/Colombe-01-1024x683.jpg 1024w, https:\/\/riederbach.ch\/wp-content\/uploads\/2021\/08\/Colombe-01-768x512.jpg 768w\" \/><\/a>\n\t\t<\/div>\n\t<\/div>\n\n\n<div class=\"post-entry-content\">\n\n\t<h3 class=\"ele-entry-title\"><a href=\"https:\/\/riederbach.ch\/fr\/colombe\/\" rel=\"bookmark\" title=\"COLOMBE\">COLOMBE<\/a><\/h3>\n<\/div><\/article><\/div><div class=\"visible wf-cell iso-item\" data-post-id=\"6504\" data-date=\"2021-11-09T10:56:04+02:00\" data-name=\"COEUR DE GSTAAD\"><article class=\"post visible post-6504 type-post status-publish format-standard has-post-thumbnail hentry category-projets tag-alpes-fr tag-alpine-chalet-fr tag-alps-fr tag-architects-fr tag-architecture-fr tag-chalet-fr tag-design-fr tag-gstaad-fr tag-innenarchitektur-gstaad tag-luxury-chalets-fr tag-saanen-fr tag-suisse-fr tag-swiss-alps-fr tag-switzerland-fr tag-wood-fr tag-wood-construction-fr\" data-name=\"COEUR DE GSTAAD\" data-date=\"2021-11-09T10:56:04+02:00\">\n\n\t<div class=\"post-thumbnail-wrap\">\n\t\t<div class=\"post-thumbnail\">\n\n\t\t\t<a class=\"post-thumbnail-rollover layzr-bg img-css-resize-wrapper\" aria-label=\"Image article\" href=\"https:\/\/riederbach.ch\/fr\/coeur-de-gstaad\/\"><img decoding=\"async\" width=\"1440\" height=\"960\" src=\"data:image\/svg+xml,%3Csvg%20xmlns%3D&#039;http%3A%2F%2Fwww.w3.org%2F2000%2Fsvg&#039;%20viewBox%3D&#039;0%200%201440%20960&#039;%2F%3E\" class=\"attachment-full size-full preload-me aspect lazy lazy-load\" alt=\"\" sizes=\"(max-width: 1440px) 100vw, 1440px\" style=\"--ratio: 1440 \/ 960;\" data-src=\"https:\/\/riederbach.ch\/wp-content\/uploads\/2021\/10\/Coeur-de-Gstaad-066.jpg\" loading=\"eager\" data-srcset=\"https:\/\/riederbach.ch\/wp-content\/uploads\/2021\/10\/Coeur-de-Gstaad-066.jpg 1440w, https:\/\/riederbach.ch\/wp-content\/uploads\/2021\/10\/Coeur-de-Gstaad-066-300x200.jpg 300w, https:\/\/riederbach.ch\/wp-content\/uploads\/2021\/10\/Coeur-de-Gstaad-066-1024x683.jpg 1024w, https:\/\/riederbach.ch\/wp-content\/uploads\/2021\/10\/Coeur-de-Gstaad-066-768x512.jpg 768w\" \/><\/a>\n\t\t<\/div>\n\t<\/div>\n\n\n<div class=\"post-entry-content\">\n\n\t<h3 class=\"ele-entry-title\"><a href=\"https:\/\/riederbach.ch\/fr\/coeur-de-gstaad\/\" rel=\"bookmark\" title=\"COEUR DE GSTAAD\">COEUR DE GSTAAD<\/a><\/h3>\n<\/div><\/article><\/div><div class=\"visible wf-cell iso-item\" data-post-id=\"6498\" data-date=\"2021-11-09T10:48:18+02:00\" data-name=\"MOCAJA\"><article class=\"post visible post-6498 type-post status-publish format-standard has-post-thumbnail hentry category-projets tag-alpes-fr tag-alpine-chalet-fr tag-alps-fr tag-architects-fr tag-architecture-fr tag-chalet-fr tag-design-fr tag-gstaad-fr tag-innenarchitektur-gstaad tag-luxury-chalets-fr tag-saanen-fr tag-suisse-fr tag-swiss-alps-fr tag-switzerland-fr tag-wood-fr tag-wood-construction-fr\" data-name=\"MOCAJA\" data-date=\"2021-11-09T10:48:18+02:00\">\n\n\t<div class=\"post-thumbnail-wrap\">\n\t\t<div class=\"post-thumbnail\">\n\n\t\t\t<a class=\"post-thumbnail-rollover layzr-bg img-css-resize-wrapper\" aria-label=\"Image article\" href=\"https:\/\/riederbach.ch\/fr\/mocaja\/\"><img decoding=\"async\" width=\"1440\" height=\"960\" src=\"data:image\/svg+xml,%3Csvg%20xmlns%3D&#039;http%3A%2F%2Fwww.w3.org%2F2000%2Fsvg&#039;%20viewBox%3D&#039;0%200%201440%20960&#039;%2F%3E\" class=\"attachment-full size-full preload-me aspect lazy lazy-load\" alt=\"\" sizes=\"(max-width: 1440px) 100vw, 1440px\" style=\"--ratio: 1440 \/ 960;\" data-src=\"https:\/\/riederbach.ch\/wp-content\/uploads\/2021\/08\/Mocaja-01.jpg\" loading=\"eager\" data-srcset=\"https:\/\/riederbach.ch\/wp-content\/uploads\/2021\/08\/Mocaja-01.jpg 1440w, https:\/\/riederbach.ch\/wp-content\/uploads\/2021\/08\/Mocaja-01-300x200.jpg 300w, https:\/\/riederbach.ch\/wp-content\/uploads\/2021\/08\/Mocaja-01-1024x683.jpg 1024w, https:\/\/riederbach.ch\/wp-content\/uploads\/2021\/08\/Mocaja-01-768x512.jpg 768w\" \/><\/a>\n\t\t<\/div>\n\t<\/div>\n\n\n<div class=\"post-entry-content\">\n\n\t<h3 class=\"ele-entry-title\"><a href=\"https:\/\/riederbach.ch\/fr\/mocaja\/\" rel=\"bookmark\" title=\"MOCAJA\">MOCAJA<\/a><\/h3>\n<\/div><\/article><\/div><div class=\"visible wf-cell iso-item\" data-post-id=\"6488\" data-date=\"2021-11-09T10:44:01+02:00\" data-name=\"MOCAJA II\"><article class=\"post visible post-6488 type-post status-publish format-standard has-post-thumbnail hentry category-projets tag-alpes-fr tag-alpine-chalet-fr tag-alps-fr tag-architects-fr tag-architecture-fr tag-chalet-fr tag-design-fr tag-gstaad-fr tag-innenarchitektur-gstaad tag-luxury-chalets-fr tag-saanen-fr tag-suisse-fr tag-swiss-alps-fr tag-switzerland-fr tag-wood-fr tag-wood-construction-fr\" data-name=\"MOCAJA II\" data-date=\"2021-11-09T10:44:01+02:00\">\n\n\t<div class=\"post-thumbnail-wrap\">\n\t\t<div class=\"post-thumbnail\">\n\n\t\t\t<a class=\"post-thumbnail-rollover layzr-bg img-css-resize-wrapper\" aria-label=\"Image article\" href=\"https:\/\/riederbach.ch\/fr\/mocaja-ii\/\"><img decoding=\"async\" width=\"1440\" height=\"960\" src=\"data:image\/svg+xml,%3Csvg%20xmlns%3D&#039;http%3A%2F%2Fwww.w3.org%2F2000%2Fsvg&#039;%20viewBox%3D&#039;0%200%201440%20960&#039;%2F%3E\" class=\"attachment-full size-full preload-me aspect lazy lazy-load\" alt=\"\" sizes=\"(max-width: 1440px) 100vw, 1440px\" style=\"--ratio: 1440 \/ 960;\" data-src=\"https:\/\/riederbach.ch\/wp-content\/uploads\/2021\/10\/Mocaja-2.jpg\" loading=\"eager\" data-srcset=\"https:\/\/riederbach.ch\/wp-content\/uploads\/2021\/10\/Mocaja-2.jpg 1440w, https:\/\/riederbach.ch\/wp-content\/uploads\/2021\/10\/Mocaja-2-300x200.jpg 300w, https:\/\/riederbach.ch\/wp-content\/uploads\/2021\/10\/Mocaja-2-1024x683.jpg 1024w, https:\/\/riederbach.ch\/wp-content\/uploads\/2021\/10\/Mocaja-2-768x512.jpg 768w\" \/><\/a>\n\t\t<\/div>\n\t<\/div>\n\n\n<div class=\"post-entry-content\">\n\n\t<h3 class=\"ele-entry-title\"><a href=\"https:\/\/riederbach.ch\/fr\/mocaja-ii\/\" rel=\"bookmark\" title=\"MOCAJA II\">MOCAJA II<\/a><\/h3>\n<\/div><\/article><\/div><\/div><!-- iso-container|iso-grid --><\/div>\t\t\t\t<\/div>\n\t\t\t\t<\/div>\n\t\t\t\t\t<\/div>\n\t\t<\/div>\n\t\t\t\t\t<\/div>\n\t\t<\/section>\n\t\t\t\t<section class=\"elementor-section elementor-top-section elementor-element elementor-element-02ea423 elementor-section-boxed elementor-section-height-default elementor-section-height-default\" data-id=\"02ea423\" data-element_type=\"section\" data-e-type=\"section\" data-settings=\"{&quot;background_background&quot;:&quot;classic&quot;}\">\n\t\t\t\t\t\t<div class=\"elementor-container elementor-column-gap-default\">\n\t\t\t\t\t<div class=\"elementor-column elementor-col-50 elementor-top-column elementor-element elementor-element-a754810\" data-id=\"a754810\" data-element_type=\"column\" data-e-type=\"column\">\n\t\t\t<div class=\"elementor-widget-wrap elementor-element-populated\">\n\t\t\t\t\t\t<div class=\"elementor-element elementor-element-72cbeba elementor-widget elementor-widget-text-editor\" data-id=\"72cbeba\" data-element_type=\"widget\" data-e-type=\"widget\" data-widget_type=\"text-editor.default\">\n\t\t\t\t<div class=\"elementor-widget-container\">\n\t\t\t\t\t\t\t\t\t<h2 style=\"text-align: left;\">CONTACT<\/h2>\n\t\t\t\t\t\t\t\t<\/div>\n\t\t\t\t<\/div>\n\t\t\t\t<div class=\"elementor-element elementor-element-a42f12e elementor-widget elementor-widget-heading\" data-id=\"a42f12e\" data-element_type=\"widget\" data-e-type=\"widget\" data-widget_type=\"heading.default\">\n\t\t\t\t<div class=\"elementor-widget-container\">\n\t\t\t\t\t<p class=\"elementor-heading-title elementor-size-large\">COMMEN\u00c7ONS QUELQUE CHOSE DE GRAND<\/p>\t\t\t\t<\/div>\n\t\t\t\t<\/div>\n\t\t\t\t<div class=\"elementor-element elementor-element-1435c28 elementor-widget elementor-widget-text-editor\" data-id=\"1435c28\" data-element_type=\"widget\" data-e-type=\"widget\" data-widget_type=\"text-editor.default\">\n\t\t\t\t<div class=\"elementor-widget-container\">\n\t\t\t\t\t\t\t\t\t<p>Veuillez remplir le formulaire suivant. Votre message sera envoy\u00e9 de mani\u00e8re confidentielle \u00e0 l&rsquo;\u00e9quipe de Rieder Bach. Si les formulaires ne vous conviennent pas, envoyez-nous un e-mail, appelez-nous ou visitez-nous simplement.<\/p>\n\t\t\t\t\t\t\t\t<\/div>\n\t\t\t\t<\/div>\n\t\t\t\t<div class=\"elementor-element elementor-element-735fd0a elementor-icon-list--layout-traditional elementor-list-item-link-full_width elementor-widget elementor-widget-icon-list\" data-id=\"735fd0a\" data-element_type=\"widget\" data-e-type=\"widget\" data-widget_type=\"icon-list.default\">\n\t\t\t\t<div class=\"elementor-widget-container\">\n\t\t\t\t\t\t\t<ul class=\"elementor-icon-list-items\">\n\t\t\t\t\t\t\t<li class=\"elementor-icon-list-item\">\n\t\t\t\t\t\t\t\t\t\t\t<a href=\"tel:+41337484050\">\n\n\t\t\t\t\t\t\t\t\t\t\t\t<span class=\"elementor-icon-list-icon\">\n\t\t\t\t\t\t\t<i aria-hidden=\"true\" class=\"fas fa-phone\"><\/i>\t\t\t\t\t\t<\/span>\n\t\t\t\t\t\t\t\t\t\t<span class=\"elementor-icon-list-text\">+41 33 748 40 50<\/span>\n\t\t\t\t\t\t\t\t\t\t\t<\/a>\n\t\t\t\t\t\t\t\t\t<\/li>\n\t\t\t\t\t\t\t\t<li class=\"elementor-icon-list-item\">\n\t\t\t\t\t\t\t\t\t\t\t<a href=\"mailto:info@riederbach.ch\">\n\n\t\t\t\t\t\t\t\t\t\t\t\t<span class=\"elementor-icon-list-icon\">\n\t\t\t\t\t\t\t<i aria-hidden=\"true\" class=\"far fa-envelope\"><\/i>\t\t\t\t\t\t<\/span>\n\t\t\t\t\t\t\t\t\t\t<span class=\"elementor-icon-list-text\">info@riederbach.ch<\/span>\n\t\t\t\t\t\t\t\t\t\t\t<\/a>\n\t\t\t\t\t\t\t\t\t<\/li>\n\t\t\t\t\t\t\t\t<li class=\"elementor-icon-list-item\">\n\t\t\t\t\t\t\t\t\t\t\t<span class=\"elementor-icon-list-icon\">\n\t\t\t\t\t\t\t<i aria-hidden=\"true\" class=\"far fa-clock\"><\/i>\t\t\t\t\t\t<\/span>\n\t\t\t\t\t\t\t\t\t\t<span class=\"elementor-icon-list-text\">Mo - Fr: 07:30 - 12:00 \/ 13:30 - 17:30<\/span>\n\t\t\t\t\t\t\t\t\t<\/li>\n\t\t\t\t\t\t\t\t<li class=\"elementor-icon-list-item\">\n\t\t\t\t\t\t\t\t\t\t\t<a href=\"https:\/\/goo.gl\/maps\/9qdWjKmLm5twKPtE6\">\n\n\t\t\t\t\t\t\t\t\t\t\t\t<span class=\"elementor-icon-list-icon\">\n\t\t\t\t\t\t\t<i aria-hidden=\"true\" class=\" icomoon-the7-font-the7-map-04\"><\/i>\t\t\t\t\t\t<\/span>\n\t\t\t\t\t\t\t\t\t\t<span class=\"elementor-icon-list-text\">Bahnhofstrasse 5, 3792 Saanen<\/span>\n\t\t\t\t\t\t\t\t\t\t\t<\/a>\n\t\t\t\t\t\t\t\t\t<\/li>\n\t\t\t\t\t\t<\/ul>\n\t\t\t\t\t\t<\/div>\n\t\t\t\t<\/div>\n\t\t\t\t<div class=\"elementor-element elementor-element-65be640 elementor-shape-square e-grid-align-left elementor-grid-0 elementor-widget elementor-widget-social-icons\" data-id=\"65be640\" data-element_type=\"widget\" data-e-type=\"widget\" data-widget_type=\"social-icons.default\">\n\t\t\t\t<div class=\"elementor-widget-container\">\n\t\t\t\t\t\t\t<div class=\"elementor-social-icons-wrapper elementor-grid\" role=\"list\">\n\t\t\t\t\t\t\t<span class=\"elementor-grid-item\" role=\"listitem\">\n\t\t\t\t\t<a class=\"elementor-icon elementor-social-icon elementor-social-icon-facebook elementor-repeater-item-ad9b25a\" href=\"https:\/\/www.facebook.com\/riederbach\" target=\"_blank\">\n\t\t\t\t\t\t<span class=\"elementor-screen-only\">Facebook<\/span>\n\t\t\t\t\t\t<i aria-hidden=\"true\" class=\"fab fa-facebook\"><\/i>\t\t\t\t\t<\/a>\n\t\t\t\t<\/span>\n\t\t\t\t\t\t\t<span class=\"elementor-grid-item\" role=\"listitem\">\n\t\t\t\t\t<a class=\"elementor-icon elementor-social-icon elementor-social-icon-instagram elementor-repeater-item-980868c\" href=\"https:\/\/www.instagram.com\/riederbach\/\" target=\"_blank\">\n\t\t\t\t\t\t<span class=\"elementor-screen-only\">Instagram<\/span>\n\t\t\t\t\t\t<i aria-hidden=\"true\" class=\"fab fa-instagram\"><\/i>\t\t\t\t\t<\/a>\n\t\t\t\t<\/span>\n\t\t\t\t\t\t\t<span class=\"elementor-grid-item\" role=\"listitem\">\n\t\t\t\t\t<a class=\"elementor-icon elementor-social-icon elementor-social-icon-linkedin-in elementor-repeater-item-7da629e\" href=\"https:\/\/ch.linkedin.com\/company\/rieder-bach-architektur-gstaad\" target=\"_blank\">\n\t\t\t\t\t\t<span class=\"elementor-screen-only\">Linkedin-in<\/span>\n\t\t\t\t\t\t<i aria-hidden=\"true\" class=\"fab fa-linkedin-in\"><\/i>\t\t\t\t\t<\/a>\n\t\t\t\t<\/span>\n\t\t\t\t\t<\/div>\n\t\t\t\t\t\t<\/div>\n\t\t\t\t<\/div>\n\t\t\t\t\t<\/div>\n\t\t<\/div>\n\t\t\t\t<div class=\"elementor-column elementor-col-50 elementor-top-column elementor-element elementor-element-c66847a\" data-id=\"c66847a\" data-element_type=\"column\" data-e-type=\"column\" data-settings=\"{&quot;background_background&quot;:&quot;classic&quot;}\">\n\t\t\t<div class=\"elementor-widget-wrap elementor-element-populated\">\n\t\t\t\t\t\t<div class=\"elementor-element elementor-element-d7fe18e elementor-button-align-start elementor-mobile-button-align-stretch elementor-widget elementor-widget-form\" data-id=\"d7fe18e\" data-element_type=\"widget\" data-e-type=\"widget\" data-settings=\"{&quot;step_next_label&quot;:&quot;Prochain&quot;,&quot;step_previous_label&quot;:&quot;Pr\\u00e9c\\u00e9dent&quot;,&quot;button_width&quot;:&quot;100&quot;,&quot;step_type&quot;:&quot;number_text&quot;,&quot;step_icon_shape&quot;:&quot;circle&quot;}\" data-widget_type=\"form.default\">\n\t\t\t\t<div class=\"elementor-widget-container\">\n\t\t\t\t\t\t\t<form class=\"elementor-form\" method=\"post\" name=\"Nous contacter\" aria-label=\"Nous contacter\">\n\t\t\t<input type=\"hidden\" name=\"post_id\" value=\"6393\"\/>\n\t\t\t<input type=\"hidden\" name=\"form_id\" value=\"d7fe18e\"\/>\n\t\t\t<input type=\"hidden\" name=\"referer_title\" value=\"PROJETS - Consultez nos projets : Rieder Bach Architektur Gstaad\" \/>\n\n\t\t\t\t\t\t\t<input type=\"hidden\" name=\"queried_id\" value=\"6393\"\/>\n\t\t\t\n\t\t\t<div class=\"elementor-form-fields-wrapper elementor-labels-\">\n\t\t\t\t\t\t\t\t<div class=\"elementor-field-type-text elementor-field-group elementor-column elementor-field-group-name elementor-col-100\">\n\t\t\t\t\t\t\t\t\t\t\t\t<label for=\"form-field-name\" class=\"elementor-field-label elementor-screen-only\">\n\t\t\t\t\t\t\t\tNom\t\t\t\t\t\t\t<\/label>\n\t\t\t\t\t\t\t\t\t\t\t\t\t\t<input size=\"1\" type=\"text\" name=\"form_fields[name]\" id=\"form-field-name\" class=\"elementor-field elementor-size-md  elementor-field-textual\" placeholder=\"Nom\">\n\t\t\t\t\t\t\t\t\t\t\t<\/div>\n\t\t\t\t\t\t\t\t<div class=\"elementor-field-type-email elementor-field-group elementor-column elementor-field-group-email elementor-col-100 elementor-field-required\">\n\t\t\t\t\t\t\t\t\t\t\t\t<label for=\"form-field-email\" class=\"elementor-field-label elementor-screen-only\">\n\t\t\t\t\t\t\t\tEmail\t\t\t\t\t\t\t<\/label>\n\t\t\t\t\t\t\t\t\t\t\t\t\t\t<input size=\"1\" type=\"email\" name=\"form_fields[email]\" id=\"form-field-email\" class=\"elementor-field elementor-size-md  elementor-field-textual\" placeholder=\"Email\" required=\"required\">\n\t\t\t\t\t\t\t\t\t\t\t<\/div>\n\t\t\t\t\t\t\t\t<div class=\"elementor-field-type-textarea elementor-field-group elementor-column elementor-field-group-field_fb042d6 elementor-col-100\">\n\t\t\t\t\t\t\t\t\t\t\t\t<label for=\"form-field-field_fb042d6\" class=\"elementor-field-label elementor-screen-only\">\n\t\t\t\t\t\t\t\tMessage\t\t\t\t\t\t\t<\/label>\n\t\t\t\t\t\t<textarea class=\"elementor-field-textual elementor-field  elementor-size-md\" name=\"form_fields[field_fb042d6]\" id=\"form-field-field_fb042d6\" rows=\"4\" placeholder=\"Message\"><\/textarea>\t\t\t\t<\/div>\n\t\t\t\t\t\t\t\t<div class=\"elementor-field-type-acceptance elementor-field-group elementor-column elementor-field-group-field_b8c67d5 elementor-col-100 elementor-field-required\">\n\t\t\t\t\t\t\t\t\t\t\t\t<label for=\"form-field-field_b8c67d5\" class=\"elementor-field-label elementor-screen-only\">\n\t\t\t\t\t\t\t\tAcceptation\t\t\t\t\t\t\t<\/label>\n\t\t\t\t\t\t\t\t<div class=\"elementor-field-subgroup\">\n\t\t\t<span class=\"elementor-field-option\">\n\t\t\t\t<input type=\"checkbox\" name=\"form_fields[field_b8c67d5]\" id=\"form-field-field_b8c67d5\" class=\"elementor-field elementor-size-md  elementor-acceptance-field\" required=\"required\">\n\t\t\t\t<label for=\"form-field-field_b8c67d5\">J'ai lu les <a href=\"https:\/\/riederbach.ch\/fr\/politique-de-confidentialite\/\" target=\"_blank\" rel=\"noopener\">Politique de confidentialit\u00e9<\/a> de Rieder Bach Architektur AG et je les accepte.<\/label>\t\t\t<\/span>\n\t\t<\/div>\n\t\t\t\t\t\t<\/div>\n\t\t\t\t\t\t\t\t<div class=\"elementor-field-type-recaptcha elementor-field-group elementor-column elementor-field-group-field_580882c elementor-col-100\">\n\t\t\t\t\t<div class=\"elementor-field\" id=\"form-field-field_580882c\"><div class=\"elementor-g-recaptcha\" data-sitekey=\"6Lf5AcccAAAAACgI6fFfCRafwWvxsxKTciDwgWbt\" data-type=\"v2_checkbox\" data-theme=\"light\" data-size=\"normal\"><\/div><\/div>\t\t\t\t<\/div>\n\t\t\t\t\t\t\t\t<div class=\"elementor-field-group elementor-column elementor-field-type-submit elementor-col-100 e-form__buttons\">\n\t\t\t\t\t<button class=\"elementor-button elementor-size-md\" type=\"submit\">\n\t\t\t\t\t\t<span class=\"elementor-button-content-wrapper\">\n\t\t\t\t\t\t\t\t\t\t\t\t\t\t\t\t\t\t\t\t\t\t<span class=\"elementor-button-text\">Envoyer<\/span>\n\t\t\t\t\t\t\t\t\t\t\t\t\t<\/span>\n\t\t\t\t\t<\/button>\n\t\t\t\t<\/div>\n\t\t\t<\/div>\n\t\t<\/form>\n\t\t\t\t\t\t<\/div>\n\t\t\t\t<\/div>\n\t\t\t\t\t<\/div>\n\t\t<\/div>\n\t\t\t\t\t<\/div>\n\t\t<\/section>\n\t\t\t\t<\/div>\n\t\t","protected":false},"excerpt":{"rendered":"<p>Laissez-vous inspirer par quelques-uns de nos projets r\u00e9alis\u00e9s.&nbsp; L&rsquo;accent est mis sur les souhaits individuels des clients, combin\u00e9s \u00e0 une architecture de chalet traditionnelle et \u00e0 l&rsquo;artisanat local qui transforme les mat\u00e9riaux les plus nobles en habitations de r\u00eave.&nbsp;&nbsp; SARA VILLIGERHUS COEUR DE GSTAAD II MOCAJA II MAX &#038; MORITZ MOCAJA COEUR DE GSTAAD COLOMBE&hellip;<\/p>\n","protected":false},"author":1,"featured_media":0,"parent":0,"menu_order":0,"comment_status":"closed","ping_status":"closed","template":"elementor_header_footer","meta":{"footnotes":""},"class_list":["post-6393","page","type-page","status-publish","hentry"],"yoast_head":"<!-- This site is optimized with the Yoast SEO plugin v27.4 - https:\/\/yoast.com\/product\/yoast-seo-wordpress\/ -->\n<title>PROJETS - Consultez nos projets : Rieder Bach Architektur Gstaad<\/title>\n<meta name=\"description\" content=\"RIEDER BACH est un bureau d&#039;architecture de premier plan \u00e0 Gstaad et l&#039;un des leaders du march\u00e9 de l&#039;architecture r\u00e9sidentielle de haute qualit\u00e9 en Suisse.\" \/>\n<meta name=\"robots\" content=\"index, follow, max-snippet:-1, max-image-preview:large, max-video-preview:-1\" \/>\n<link rel=\"canonical\" href=\"https:\/\/riederbach.ch\/fr\/projets\/\" \/>\n<meta property=\"og:locale\" content=\"fr_FR\" \/>\n<meta property=\"og:type\" content=\"article\" \/>\n<meta property=\"og:title\" content=\"PROJETS - Consultez nos projets : Rieder Bach Architektur Gstaad\" \/>\n<meta property=\"og:description\" content=\"RIEDER BACH est un bureau d&#039;architecture de premier plan \u00e0 Gstaad et l&#039;un des leaders du march\u00e9 de l&#039;architecture r\u00e9sidentielle de haute qualit\u00e9 en Suisse.\" \/>\n<meta property=\"og:url\" content=\"https:\/\/riederbach.ch\/fr\/projets\/\" \/>\n<meta property=\"og:site_name\" content=\"RIEDER BACH ARCHITEKTUR GSTAAD\" \/>\n<meta property=\"article:publisher\" content=\"https:\/\/www.facebook.com\/riederbach\" \/>\n<meta property=\"article:modified_time\" content=\"2025-01-14T15:31:50+00:00\" \/>\n<meta name=\"twitter:card\" content=\"summary_large_image\" \/>\n<meta name=\"twitter:label1\" content=\"Dur\u00e9e de lecture estim\u00e9e\" \/>\n\t<meta name=\"twitter:data1\" content=\"5 minutes\" \/>\n<script type=\"application\/ld+json\" class=\"yoast-schema-graph\">{\"@context\":\"https:\\\/\\\/schema.org\",\"@graph\":[{\"@type\":\"WebPage\",\"@id\":\"https:\\\/\\\/riederbach.ch\\\/fr\\\/projets\\\/\",\"url\":\"https:\\\/\\\/riederbach.ch\\\/fr\\\/projets\\\/\",\"name\":\"PROJETS - Consultez nos projets : Rieder Bach Architektur Gstaad\",\"isPartOf\":{\"@id\":\"https:\\\/\\\/riederbach.ch\\\/fr\\\/#website\"},\"datePublished\":\"2021-11-04T13:37:34+00:00\",\"dateModified\":\"2025-01-14T15:31:50+00:00\",\"description\":\"RIEDER BACH est un bureau d'architecture de premier plan \u00e0 Gstaad et l'un des leaders du march\u00e9 de l'architecture r\u00e9sidentielle de haute qualit\u00e9 en Suisse.\",\"breadcrumb\":{\"@id\":\"https:\\\/\\\/riederbach.ch\\\/fr\\\/projets\\\/#breadcrumb\"},\"inLanguage\":\"fr-FR\",\"potentialAction\":[{\"@type\":\"ReadAction\",\"target\":[\"https:\\\/\\\/riederbach.ch\\\/fr\\\/projets\\\/\"]}]},{\"@type\":\"BreadcrumbList\",\"@id\":\"https:\\\/\\\/riederbach.ch\\\/fr\\\/projets\\\/#breadcrumb\",\"itemListElement\":[{\"@type\":\"ListItem\",\"position\":1,\"name\":\"Home\",\"item\":\"https:\\\/\\\/riederbach.ch\\\/fr\\\/accueil\\\/\"},{\"@type\":\"ListItem\",\"position\":2,\"name\":\"PROJETS\"}]},{\"@type\":\"WebSite\",\"@id\":\"https:\\\/\\\/riederbach.ch\\\/fr\\\/#website\",\"url\":\"https:\\\/\\\/riederbach.ch\\\/fr\\\/\",\"name\":\"RIEDER BACH ARCHITEKTUR GSTAAD\",\"description\":\"RIEDER BACH is a leading architecture office in Gstaad and a market leader in high-end residential architecture in Switzerland.\",\"publisher\":{\"@id\":\"https:\\\/\\\/riederbach.ch\\\/fr\\\/#organization\"},\"potentialAction\":[{\"@type\":\"SearchAction\",\"target\":{\"@type\":\"EntryPoint\",\"urlTemplate\":\"https:\\\/\\\/riederbach.ch\\\/fr\\\/?s={search_term_string}\"},\"query-input\":{\"@type\":\"PropertyValueSpecification\",\"valueRequired\":true,\"valueName\":\"search_term_string\"}}],\"inLanguage\":\"fr-FR\"},{\"@type\":\"Organization\",\"@id\":\"https:\\\/\\\/riederbach.ch\\\/fr\\\/#organization\",\"name\":\"RIEDER BACH ARCHITEKTUR GSTAAD\",\"url\":\"https:\\\/\\\/riederbach.ch\\\/fr\\\/\",\"logo\":{\"@type\":\"ImageObject\",\"inLanguage\":\"fr-FR\",\"@id\":\"https:\\\/\\\/riederbach.ch\\\/fr\\\/#\\\/schema\\\/logo\\\/image\\\/\",\"url\":\"https:\\\/\\\/riederbach.ch\\\/wp-content\\\/uploads\\\/2021\\\/08\\\/logo-350x100-1.png\",\"contentUrl\":\"https:\\\/\\\/riederbach.ch\\\/wp-content\\\/uploads\\\/2021\\\/08\\\/logo-350x100-1.png\",\"width\":350,\"height\":100,\"caption\":\"RIEDER BACH ARCHITEKTUR GSTAAD\"},\"image\":{\"@id\":\"https:\\\/\\\/riederbach.ch\\\/fr\\\/#\\\/schema\\\/logo\\\/image\\\/\"},\"sameAs\":[\"https:\\\/\\\/www.facebook.com\\\/riederbach\",\"https:\\\/\\\/www.instagram.com\\\/riederbach\\\/\",\"https:\\\/\\\/www.linkedin.com\\\/company\\\/11056632\\\/admin\\\/\"]}]}<\/script>\n<!-- \/ Yoast SEO plugin. -->","yoast_head_json":{"title":"PROJETS - Consultez nos projets : Rieder Bach Architektur Gstaad","description":"RIEDER BACH est un bureau d'architecture de premier plan \u00e0 Gstaad et l'un des leaders du march\u00e9 de l'architecture r\u00e9sidentielle de haute qualit\u00e9 en Suisse.","robots":{"index":"index","follow":"follow","max-snippet":"max-snippet:-1","max-image-preview":"max-image-preview:large","max-video-preview":"max-video-preview:-1"},"canonical":"https:\/\/riederbach.ch\/fr\/projets\/","og_locale":"fr_FR","og_type":"article","og_title":"PROJETS - Consultez nos projets : Rieder Bach Architektur Gstaad","og_description":"RIEDER BACH est un bureau d'architecture de premier plan \u00e0 Gstaad et l'un des leaders du march\u00e9 de l'architecture r\u00e9sidentielle de haute qualit\u00e9 en Suisse.","og_url":"https:\/\/riederbach.ch\/fr\/projets\/","og_site_name":"RIEDER BACH ARCHITEKTUR GSTAAD","article_publisher":"https:\/\/www.facebook.com\/riederbach","article_modified_time":"2025-01-14T15:31:50+00:00","twitter_card":"summary_large_image","twitter_misc":{"Dur\u00e9e de lecture estim\u00e9e":"5 minutes"},"schema":{"@context":"https:\/\/schema.org","@graph":[{"@type":"WebPage","@id":"https:\/\/riederbach.ch\/fr\/projets\/","url":"https:\/\/riederbach.ch\/fr\/projets\/","name":"PROJETS - Consultez nos projets : Rieder Bach Architektur Gstaad","isPartOf":{"@id":"https:\/\/riederbach.ch\/fr\/#website"},"datePublished":"2021-11-04T13:37:34+00:00","dateModified":"2025-01-14T15:31:50+00:00","description":"RIEDER BACH est un bureau d'architecture de premier plan \u00e0 Gstaad et l'un des leaders du march\u00e9 de l'architecture r\u00e9sidentielle de haute qualit\u00e9 en Suisse.","breadcrumb":{"@id":"https:\/\/riederbach.ch\/fr\/projets\/#breadcrumb"},"inLanguage":"fr-FR","potentialAction":[{"@type":"ReadAction","target":["https:\/\/riederbach.ch\/fr\/projets\/"]}]},{"@type":"BreadcrumbList","@id":"https:\/\/riederbach.ch\/fr\/projets\/#breadcrumb","itemListElement":[{"@type":"ListItem","position":1,"name":"Home","item":"https:\/\/riederbach.ch\/fr\/accueil\/"},{"@type":"ListItem","position":2,"name":"PROJETS"}]},{"@type":"WebSite","@id":"https:\/\/riederbach.ch\/fr\/#website","url":"https:\/\/riederbach.ch\/fr\/","name":"RIEDER BACH ARCHITEKTUR GSTAAD","description":"RIEDER BACH is a leading architecture office in Gstaad and a market leader in high-end residential architecture in Switzerland.","publisher":{"@id":"https:\/\/riederbach.ch\/fr\/#organization"},"potentialAction":[{"@type":"SearchAction","target":{"@type":"EntryPoint","urlTemplate":"https:\/\/riederbach.ch\/fr\/?s={search_term_string}"},"query-input":{"@type":"PropertyValueSpecification","valueRequired":true,"valueName":"search_term_string"}}],"inLanguage":"fr-FR"},{"@type":"Organization","@id":"https:\/\/riederbach.ch\/fr\/#organization","name":"RIEDER BACH ARCHITEKTUR GSTAAD","url":"https:\/\/riederbach.ch\/fr\/","logo":{"@type":"ImageObject","inLanguage":"fr-FR","@id":"https:\/\/riederbach.ch\/fr\/#\/schema\/logo\/image\/","url":"https:\/\/riederbach.ch\/wp-content\/uploads\/2021\/08\/logo-350x100-1.png","contentUrl":"https:\/\/riederbach.ch\/wp-content\/uploads\/2021\/08\/logo-350x100-1.png","width":350,"height":100,"caption":"RIEDER BACH ARCHITEKTUR GSTAAD"},"image":{"@id":"https:\/\/riederbach.ch\/fr\/#\/schema\/logo\/image\/"},"sameAs":["https:\/\/www.facebook.com\/riederbach","https:\/\/www.instagram.com\/riederbach\/","https:\/\/www.linkedin.com\/company\/11056632\/admin\/"]}]}},"_links":{"self":[{"href":"https:\/\/riederbach.ch\/fr\/wp-json\/wp\/v2\/pages\/6393","targetHints":{"allow":["GET"]}}],"collection":[{"href":"https:\/\/riederbach.ch\/fr\/wp-json\/wp\/v2\/pages"}],"about":[{"href":"https:\/\/riederbach.ch\/fr\/wp-json\/wp\/v2\/types\/page"}],"author":[{"embeddable":true,"href":"https:\/\/riederbach.ch\/fr\/wp-json\/wp\/v2\/users\/1"}],"replies":[{"embeddable":true,"href":"https:\/\/riederbach.ch\/fr\/wp-json\/wp\/v2\/comments?post=6393"}],"version-history":[{"count":65,"href":"https:\/\/riederbach.ch\/fr\/wp-json\/wp\/v2\/pages\/6393\/revisions"}],"predecessor-version":[{"id":13290,"href":"https:\/\/riederbach.ch\/fr\/wp-json\/wp\/v2\/pages\/6393\/revisions\/13290"}],"wp:attachment":[{"href":"https:\/\/riederbach.ch\/fr\/wp-json\/wp\/v2\/media?parent=6393"}],"curies":[{"name":"wp","href":"https:\/\/api.w.org\/{rel}","templated":true}]}}