{"id":6303,"date":"2021-10-29T15:27:08","date_gmt":"2021-10-29T13:27:08","guid":{"rendered":"https:\/\/riederbach.ch\/histoire\/"},"modified":"2021-12-17T17:47:10","modified_gmt":"2021-12-17T15:47:10","slug":"histoire","status":"publish","type":"page","link":"https:\/\/riederbach.ch\/fr\/histoire\/","title":{"rendered":"HISTOIRE"},"content":{"rendered":"\t\t<div data-elementor-type=\"wp-page\" data-elementor-id=\"6303\" class=\"elementor elementor-6303 elementor-1435\" data-elementor-post-type=\"page\">\n\t\t\t\t\t\t<section class=\"elementor-section elementor-top-section elementor-element elementor-element-4ada65a elementor-section-boxed elementor-section-height-default elementor-section-height-default\" data-id=\"4ada65a\" data-element_type=\"section\" data-e-type=\"section\">\n\t\t\t\t\t\t<div class=\"elementor-container elementor-column-gap-default\">\n\t\t\t\t\t<div class=\"elementor-column elementor-col-100 elementor-top-column elementor-element elementor-element-4c610a1\" data-id=\"4c610a1\" data-element_type=\"column\" data-e-type=\"column\">\n\t\t\t<div class=\"elementor-widget-wrap elementor-element-populated\">\n\t\t\t\t\t\t<div class=\"elementor-element elementor-element-ea3bd5d elementor-widget elementor-widget-spacer\" data-id=\"ea3bd5d\" data-element_type=\"widget\" data-e-type=\"widget\" data-widget_type=\"spacer.default\">\n\t\t\t\t<div class=\"elementor-widget-container\">\n\t\t\t\t\t\t\t<div class=\"elementor-spacer\">\n\t\t\t<div class=\"elementor-spacer-inner\"><\/div>\n\t\t<\/div>\n\t\t\t\t\t\t<\/div>\n\t\t\t\t<\/div>\n\t\t\t\t\t<\/div>\n\t\t<\/div>\n\t\t\t\t\t<\/div>\n\t\t<\/section>\n\t\t\t\t<section class=\"elementor-section elementor-top-section elementor-element elementor-element-9418171 elementor-section-boxed elementor-section-height-default elementor-section-height-default\" data-id=\"9418171\" data-element_type=\"section\" data-e-type=\"section\">\n\t\t\t\t\t\t<div class=\"elementor-container elementor-column-gap-default\">\n\t\t\t\t\t<div class=\"elementor-column elementor-col-50 elementor-top-column elementor-element elementor-element-02abf5c\" data-id=\"02abf5c\" data-element_type=\"column\" data-e-type=\"column\">\n\t\t\t<div class=\"elementor-widget-wrap elementor-element-populated\">\n\t\t\t\t\t\t<div class=\"elementor-element elementor-element-e0ebcb3 elementor-widget elementor-widget-spacer\" data-id=\"e0ebcb3\" data-element_type=\"widget\" data-e-type=\"widget\" data-widget_type=\"spacer.default\">\n\t\t\t\t<div class=\"elementor-widget-container\">\n\t\t\t\t\t\t\t<div class=\"elementor-spacer\">\n\t\t\t<div class=\"elementor-spacer-inner\"><\/div>\n\t\t<\/div>\n\t\t\t\t\t\t<\/div>\n\t\t\t\t<\/div>\n\t\t\t\t<div class=\"elementor-element elementor-element-f80ad9e elementor-widget elementor-widget-heading\" data-id=\"f80ad9e\" data-element_type=\"widget\" data-e-type=\"widget\" data-widget_type=\"heading.default\">\n\t\t\t\t<div class=\"elementor-widget-container\">\n\t\t\t\t\t<h5 class=\"elementor-heading-title elementor-size-large\">1990 - 2001<\/h5>\t\t\t\t<\/div>\n\t\t\t\t<\/div>\n\t\t\t\t<div class=\"elementor-element elementor-element-ab33e67 elementor-widget elementor-widget-heading\" data-id=\"ab33e67\" data-element_type=\"widget\" data-e-type=\"widget\" data-widget_type=\"heading.default\">\n\t\t\t\t<div class=\"elementor-widget-container\">\n\t\t\t\t\t<h3 class=\"elementor-heading-title elementor-size-large\">G\u00f6sta Tiemer et Max Rieder<\/h3>\t\t\t\t<\/div>\n\t\t\t\t<\/div>\n\t\t\t\t<div class=\"elementor-element elementor-element-b3b6695 elementor-widget elementor-widget-text-editor\" data-id=\"b3b6695\" data-element_type=\"widget\" data-e-type=\"widget\" data-widget_type=\"text-editor.default\">\n\t\t\t\t<div class=\"elementor-widget-container\">\n\t\t\t\t\t\t\t\t\t<p>Lorsque les deux architectes de talent G\u00f6sta Tiemer et Max Rieder d\u00e9butent leur collaboration en 1990, le r\u00e9sultat est si fructueux qu\u2019ils cr\u00e9ent une ann\u00e9e plus tard la soci\u00e9t\u00e9 en nom collectif Tiemer&amp;Rieder Architektur Gstaad. L\u2019entreprise s\u2019installe \u00e0 la Cheseryplatz \u00e0 Gstaad et emploie 6 collaborateurs. Les deux architectes travailleront c\u00f4te \u00e0 c\u00f4te 11 ann\u00e9es, p\u00e9riode durant laquelle l\u2019entreprise ne cessera de cro\u00eetre.<\/p>\n\t\t\t\t\t\t\t\t<\/div>\n\t\t\t\t<\/div>\n\t\t\t\t\t<\/div>\n\t\t<\/div>\n\t\t\t\t<div class=\"elementor-column elementor-col-50 elementor-top-column elementor-element elementor-element-1ff3b31\" data-id=\"1ff3b31\" data-element_type=\"column\" data-e-type=\"column\">\n\t\t\t<div class=\"elementor-widget-wrap elementor-element-populated\">\n\t\t\t\t\t\t<div class=\"elementor-element elementor-element-a8b550c elementor-widget elementor-widget-image\" data-id=\"a8b550c\" data-element_type=\"widget\" data-e-type=\"widget\" data-widget_type=\"image.default\">\n\t\t\t\t<div class=\"elementor-widget-container\">\n\t\t\t\t\t\t\t\t\t\t\t\t\t\t\t\t<a href=\"https:\/\/riederbach.ch\/wp-content\/uploads\/2021\/08\/01_1440landscape.jpg\" data-elementor-open-lightbox=\"yes\" data-elementor-lightbox-title=\"01_1440paysage\" data-e-action-hash=\"#elementor-action%3Aaction%3Dlightbox%26settings%3DeyJpZCI6NTA0NSwidXJsIjoiaHR0cHM6XC9cL3JpZWRlcmJhY2guY2hcL3dwLWNvbnRlbnRcL3VwbG9hZHNcLzIwMjFcLzA4XC8wMV8xNDQwbGFuZHNjYXBlLmpwZyJ9\">\n\t\t\t\t\t\t\t<img fetchpriority=\"high\" decoding=\"async\" width=\"768\" height=\"512\" src=\"https:\/\/riederbach.ch\/wp-content\/uploads\/2021\/08\/01_1440landscape-768x512.jpg\" class=\"attachment-medium_large size-medium_large wp-image-5045\" alt=\"\" srcset=\"https:\/\/riederbach.ch\/wp-content\/uploads\/2021\/08\/01_1440landscape-768x512.jpg 768w, https:\/\/riederbach.ch\/wp-content\/uploads\/2021\/08\/01_1440landscape-300x200.jpg 300w, https:\/\/riederbach.ch\/wp-content\/uploads\/2021\/08\/01_1440landscape-1024x683.jpg 1024w, https:\/\/riederbach.ch\/wp-content\/uploads\/2021\/08\/01_1440landscape.jpg 1440w\" sizes=\"(max-width: 768px) 100vw, 768px\" \/>\t\t\t\t\t\t\t\t<\/a>\n\t\t\t\t\t\t\t\t\t\t\t\t\t\t\t<\/div>\n\t\t\t\t<\/div>\n\t\t\t\t\t<\/div>\n\t\t<\/div>\n\t\t\t\t\t<\/div>\n\t\t<\/section>\n\t\t\t\t<section class=\"elementor-section elementor-top-section elementor-element elementor-element-9f89291 elementor-section-boxed elementor-section-height-default elementor-section-height-default\" data-id=\"9f89291\" data-element_type=\"section\" data-e-type=\"section\">\n\t\t\t\t\t\t<div class=\"elementor-container elementor-column-gap-default\">\n\t\t\t\t\t<div class=\"elementor-column elementor-col-100 elementor-top-column elementor-element elementor-element-f71c012\" data-id=\"f71c012\" data-element_type=\"column\" data-e-type=\"column\">\n\t\t\t<div class=\"elementor-widget-wrap elementor-element-populated\">\n\t\t\t\t\t\t<div class=\"elementor-element elementor-element-e4dc611 elementor-widget elementor-widget-spacer\" data-id=\"e4dc611\" data-element_type=\"widget\" data-e-type=\"widget\" data-widget_type=\"spacer.default\">\n\t\t\t\t<div class=\"elementor-widget-container\">\n\t\t\t\t\t\t\t<div class=\"elementor-spacer\">\n\t\t\t<div class=\"elementor-spacer-inner\"><\/div>\n\t\t<\/div>\n\t\t\t\t\t\t<\/div>\n\t\t\t\t<\/div>\n\t\t\t\t\t<\/div>\n\t\t<\/div>\n\t\t\t\t\t<\/div>\n\t\t<\/section>\n\t\t\t\t<section class=\"elementor-section elementor-top-section elementor-element elementor-element-c97cbd2 elementor-section-boxed elementor-section-height-default elementor-section-height-default\" data-id=\"c97cbd2\" data-element_type=\"section\" data-e-type=\"section\">\n\t\t\t\t\t\t<div class=\"elementor-container elementor-column-gap-default\">\n\t\t\t\t\t<div class=\"elementor-column elementor-col-50 elementor-top-column elementor-element elementor-element-65c7d95\" data-id=\"65c7d95\" data-element_type=\"column\" data-e-type=\"column\">\n\t\t\t<div class=\"elementor-widget-wrap elementor-element-populated\">\n\t\t\t\t\t\t<div class=\"elementor-element elementor-element-03c1b05 elementor-widget elementor-widget-spacer\" data-id=\"03c1b05\" data-element_type=\"widget\" data-e-type=\"widget\" data-widget_type=\"spacer.default\">\n\t\t\t\t<div class=\"elementor-widget-container\">\n\t\t\t\t\t\t\t<div class=\"elementor-spacer\">\n\t\t\t<div class=\"elementor-spacer-inner\"><\/div>\n\t\t<\/div>\n\t\t\t\t\t\t<\/div>\n\t\t\t\t<\/div>\n\t\t\t\t<div class=\"elementor-element elementor-element-1234cd6 elementor-widget elementor-widget-heading\" data-id=\"1234cd6\" data-element_type=\"widget\" data-e-type=\"widget\" data-widget_type=\"heading.default\">\n\t\t\t\t<div class=\"elementor-widget-container\">\n\t\t\t\t\t<h5 class=\"elementor-heading-title elementor-size-large\">2002 - 2007<\/h5>\t\t\t\t<\/div>\n\t\t\t\t<\/div>\n\t\t\t\t<div class=\"elementor-element elementor-element-204063cc elementor-widget elementor-widget-heading\" data-id=\"204063cc\" data-element_type=\"widget\" data-e-type=\"widget\" data-widget_type=\"heading.default\">\n\t\t\t\t<div class=\"elementor-widget-container\">\n\t\t\t\t\t<h3 class=\"elementor-heading-title elementor-size-large\">Rieder Architecture Gstaad<\/h3>\t\t\t\t<\/div>\n\t\t\t\t<\/div>\n\t\t\t\t<div class=\"elementor-element elementor-element-2fdc16ef elementor-widget elementor-widget-text-editor\" data-id=\"2fdc16ef\" data-element_type=\"widget\" data-e-type=\"widget\" data-widget_type=\"text-editor.default\">\n\t\t\t\t<div class=\"elementor-widget-container\">\n\t\t\t\t\t\t\t\t\t<p>En 2002 lorsque G\u00f6sta Tiemer prend sa retraite, Max Rieder lui rach\u00e8te ses parts et transforme l\u2019entreprise en soci\u00e9t\u00e9 individuelle; renomm\u00e9e Rieder Architektur Gstaad. Elle compte \u00e0 ce moment-l\u00e0 12 collaborateurs. Puis, 3 ann\u00e9es plus tard la raison sociale est chang\u00e9e en soci\u00e9t\u00e9 anonyme. Rieder Architektur AG compte alors 13 employ\u00e9s. Le d\u00e9veloppement des services immobiliers d\u00e9cide Max Rieder \u00e0 cr\u00e9er la m\u00eame ann\u00e9e Rieder Bau und Immobilien AG.<\/p>\n\t\t\t\t\t\t\t\t<\/div>\n\t\t\t\t<\/div>\n\t\t\t\t\t<\/div>\n\t\t<\/div>\n\t\t\t\t<div class=\"elementor-column elementor-col-50 elementor-top-column elementor-element elementor-element-00b0e83\" data-id=\"00b0e83\" data-element_type=\"column\" data-e-type=\"column\">\n\t\t\t<div class=\"elementor-widget-wrap elementor-element-populated\">\n\t\t\t\t\t\t<div class=\"elementor-element elementor-element-11ac31f elementor-widget elementor-widget-image\" data-id=\"11ac31f\" data-element_type=\"widget\" data-e-type=\"widget\" data-widget_type=\"image.default\">\n\t\t\t\t<div class=\"elementor-widget-container\">\n\t\t\t\t\t\t\t\t\t\t\t\t\t\t\t\t<a href=\"https:\/\/riederbach.ch\/wp-content\/uploads\/2021\/11\/RFA_5862-Modifier-scaled.jpg\" data-elementor-open-lightbox=\"yes\" data-elementor-lightbox-title=\"RFA_5862-Modifier\" data-e-action-hash=\"#elementor-action%3Aaction%3Dlightbox%26settings%3DeyJpZCI6NzY2NywidXJsIjoiaHR0cHM6XC9cL3JpZWRlcmJhY2guY2hcL3dwLWNvbnRlbnRcL3VwbG9hZHNcLzIwMjFcLzExXC9SRkFfNTg2Mi1Nb2RpZmllci1zY2FsZWQuanBnIn0%3D\">\n\t\t\t\t\t\t\t<img decoding=\"async\" width=\"768\" height=\"511\" src=\"https:\/\/riederbach.ch\/wp-content\/uploads\/2021\/11\/RFA_5862-Modifier-768x511.jpg\" class=\"attachment-medium_large size-medium_large wp-image-7667\" alt=\"\" srcset=\"https:\/\/riederbach.ch\/wp-content\/uploads\/2021\/11\/RFA_5862-Modifier-768x511.jpg 768w, https:\/\/riederbach.ch\/wp-content\/uploads\/2021\/11\/RFA_5862-Modifier-300x200.jpg 300w, https:\/\/riederbach.ch\/wp-content\/uploads\/2021\/11\/RFA_5862-Modifier-1024x682.jpg 1024w, https:\/\/riederbach.ch\/wp-content\/uploads\/2021\/11\/RFA_5862-Modifier-1536x1022.jpg 1536w, https:\/\/riederbach.ch\/wp-content\/uploads\/2021\/11\/RFA_5862-Modifier-2048x1363.jpg 2048w\" sizes=\"(max-width: 768px) 100vw, 768px\" \/>\t\t\t\t\t\t\t\t<\/a>\n\t\t\t\t\t\t\t\t\t\t\t\t\t\t\t<\/div>\n\t\t\t\t<\/div>\n\t\t\t\t\t<\/div>\n\t\t<\/div>\n\t\t\t\t\t<\/div>\n\t\t<\/section>\n\t\t\t\t<section class=\"elementor-section elementor-top-section elementor-element elementor-element-ab2163a elementor-section-boxed elementor-section-height-default elementor-section-height-default\" data-id=\"ab2163a\" data-element_type=\"section\" data-e-type=\"section\">\n\t\t\t\t\t\t<div class=\"elementor-container elementor-column-gap-default\">\n\t\t\t\t\t<div class=\"elementor-column elementor-col-100 elementor-top-column elementor-element elementor-element-70cbfe4\" data-id=\"70cbfe4\" data-element_type=\"column\" data-e-type=\"column\">\n\t\t\t<div class=\"elementor-widget-wrap elementor-element-populated\">\n\t\t\t\t\t\t<div class=\"elementor-element elementor-element-957fc29 elementor-widget elementor-widget-spacer\" data-id=\"957fc29\" data-element_type=\"widget\" data-e-type=\"widget\" data-widget_type=\"spacer.default\">\n\t\t\t\t<div class=\"elementor-widget-container\">\n\t\t\t\t\t\t\t<div class=\"elementor-spacer\">\n\t\t\t<div class=\"elementor-spacer-inner\"><\/div>\n\t\t<\/div>\n\t\t\t\t\t\t<\/div>\n\t\t\t\t<\/div>\n\t\t\t\t\t<\/div>\n\t\t<\/div>\n\t\t\t\t\t<\/div>\n\t\t<\/section>\n\t\t\t\t<section class=\"elementor-section elementor-top-section elementor-element elementor-element-0a4533d elementor-section-boxed elementor-section-height-default elementor-section-height-default\" data-id=\"0a4533d\" data-element_type=\"section\" data-e-type=\"section\">\n\t\t\t\t\t\t<div class=\"elementor-container elementor-column-gap-default\">\n\t\t\t\t\t<div class=\"elementor-column elementor-col-50 elementor-top-column elementor-element elementor-element-fcc8848\" data-id=\"fcc8848\" data-element_type=\"column\" data-e-type=\"column\">\n\t\t\t<div class=\"elementor-widget-wrap elementor-element-populated\">\n\t\t\t\t\t\t<div class=\"elementor-element elementor-element-7d4d19b elementor-widget elementor-widget-spacer\" data-id=\"7d4d19b\" data-element_type=\"widget\" data-e-type=\"widget\" data-widget_type=\"spacer.default\">\n\t\t\t\t<div class=\"elementor-widget-container\">\n\t\t\t\t\t\t\t<div class=\"elementor-spacer\">\n\t\t\t<div class=\"elementor-spacer-inner\"><\/div>\n\t\t<\/div>\n\t\t\t\t\t\t<\/div>\n\t\t\t\t<\/div>\n\t\t\t\t<div class=\"elementor-element elementor-element-5dfb94e0 elementor-widget elementor-widget-heading\" data-id=\"5dfb94e0\" data-element_type=\"widget\" data-e-type=\"widget\" data-widget_type=\"heading.default\">\n\t\t\t\t<div class=\"elementor-widget-container\">\n\t\t\t\t\t<h5 class=\"elementor-heading-title elementor-size-large\">2008 - 2020<\/h5>\t\t\t\t<\/div>\n\t\t\t\t<\/div>\n\t\t\t\t<div class=\"elementor-element elementor-element-4046291 elementor-widget elementor-widget-heading\" data-id=\"4046291\" data-element_type=\"widget\" data-e-type=\"widget\" data-widget_type=\"heading.default\">\n\t\t\t\t<div class=\"elementor-widget-container\">\n\t\t\t\t\t<h3 class=\"elementor-heading-title elementor-size-large\">Max Rieder<\/h3>\t\t\t\t<\/div>\n\t\t\t\t<\/div>\n\t\t\t\t<div class=\"elementor-element elementor-element-d162e5a elementor-widget elementor-widget-text-editor\" data-id=\"d162e5a\" data-element_type=\"widget\" data-e-type=\"widget\" data-widget_type=\"text-editor.default\">\n\t\t\t\t<div class=\"elementor-widget-container\">\n\t\t\t\t\t\t\t\t\t<p>L\u2019entreprise continue de cro\u00eetre et les bureaux deviennent trop exigus. La soci\u00e9t\u00e9 r\u00e9nove le chalet de l\u2019ancienne poste de Saanen, sis \u00e0 la Bahnhofstrasse 5 et y d\u00e9m\u00e9nage en 2008. Aujourd\u2019hui, ce sont plus de 16 collaborateurs qui sont actifs pour Rieder Architektur AG et Rieder Bau und Immobilien AG.<\/p>\n<p style=\"text-align: right;\">\n\t\t\t\t\t\t\t\t<\/div>\n\t\t\t\t<\/div>\n\t\t\t\t\t<\/div>\n\t\t<\/div>\n\t\t\t\t<div class=\"elementor-column elementor-col-50 elementor-top-column elementor-element elementor-element-88d740f\" data-id=\"88d740f\" data-element_type=\"column\" data-e-type=\"column\">\n\t\t\t<div class=\"elementor-widget-wrap elementor-element-populated\">\n\t\t\t\t\t\t<div class=\"elementor-element elementor-element-fd97137 elementor-widget elementor-widget-image\" data-id=\"fd97137\" data-element_type=\"widget\" data-e-type=\"widget\" data-widget_type=\"image.default\">\n\t\t\t\t<div class=\"elementor-widget-container\">\n\t\t\t\t\t\t\t\t\t\t\t\t\t\t\t\t<a href=\"https:\/\/riederbach.ch\/wp-content\/uploads\/2021\/11\/DSC_0467_edited2-scaled.jpg\" data-elementor-open-lightbox=\"yes\" data-elementor-lightbox-title=\"DSC_0467_edited2\" data-e-action-hash=\"#elementor-action%3Aaction%3Dlightbox%26settings%3DeyJpZCI6NzYwMywidXJsIjoiaHR0cHM6XC9cL3JpZWRlcmJhY2guY2hcL3dwLWNvbnRlbnRcL3VwbG9hZHNcLzIwMjFcLzExXC9EU0NfMDQ2N19lZGl0ZWQyLXNjYWxlZC5qcGcifQ%3D%3D\">\n\t\t\t\t\t\t\t<img decoding=\"async\" width=\"768\" height=\"510\" src=\"https:\/\/riederbach.ch\/wp-content\/uploads\/2021\/11\/DSC_0467_edited2-768x510.jpg\" class=\"attachment-medium_large size-medium_large wp-image-7603\" alt=\"\" srcset=\"https:\/\/riederbach.ch\/wp-content\/uploads\/2021\/11\/DSC_0467_edited2-768x510.jpg 768w, https:\/\/riederbach.ch\/wp-content\/uploads\/2021\/11\/DSC_0467_edited2-300x199.jpg 300w, https:\/\/riederbach.ch\/wp-content\/uploads\/2021\/11\/DSC_0467_edited2-1024x680.jpg 1024w, https:\/\/riederbach.ch\/wp-content\/uploads\/2021\/11\/DSC_0467_edited2-1536x1020.jpg 1536w, https:\/\/riederbach.ch\/wp-content\/uploads\/2021\/11\/DSC_0467_edited2-2048x1360.jpg 2048w\" sizes=\"(max-width: 768px) 100vw, 768px\" \/>\t\t\t\t\t\t\t\t<\/a>\n\t\t\t\t\t\t\t\t\t\t\t\t\t\t\t<\/div>\n\t\t\t\t<\/div>\n\t\t\t\t\t<\/div>\n\t\t<\/div>\n\t\t\t\t\t<\/div>\n\t\t<\/section>\n\t\t\t\t<section class=\"elementor-section elementor-top-section elementor-element elementor-element-8447794 elementor-section-boxed elementor-section-height-default elementor-section-height-default\" data-id=\"8447794\" data-element_type=\"section\" data-e-type=\"section\">\n\t\t\t\t\t\t<div class=\"elementor-container elementor-column-gap-default\">\n\t\t\t\t\t<div class=\"elementor-column elementor-col-100 elementor-top-column elementor-element elementor-element-e7e3f02\" data-id=\"e7e3f02\" data-element_type=\"column\" data-e-type=\"column\">\n\t\t\t<div class=\"elementor-widget-wrap elementor-element-populated\">\n\t\t\t\t\t\t<div class=\"elementor-element elementor-element-ffab4b3 elementor-widget elementor-widget-spacer\" data-id=\"ffab4b3\" data-element_type=\"widget\" data-e-type=\"widget\" data-widget_type=\"spacer.default\">\n\t\t\t\t<div class=\"elementor-widget-container\">\n\t\t\t\t\t\t\t<div class=\"elementor-spacer\">\n\t\t\t<div class=\"elementor-spacer-inner\"><\/div>\n\t\t<\/div>\n\t\t\t\t\t\t<\/div>\n\t\t\t\t<\/div>\n\t\t\t\t\t<\/div>\n\t\t<\/div>\n\t\t\t\t\t<\/div>\n\t\t<\/section>\n\t\t\t\t<section class=\"elementor-section elementor-top-section elementor-element elementor-element-06b3668 elementor-section-boxed elementor-section-height-default elementor-section-height-default\" data-id=\"06b3668\" data-element_type=\"section\" data-e-type=\"section\">\n\t\t\t\t\t\t<div class=\"elementor-container elementor-column-gap-default\">\n\t\t\t\t\t<div class=\"elementor-column elementor-col-50 elementor-top-column elementor-element elementor-element-5671fdd\" data-id=\"5671fdd\" data-element_type=\"column\" data-e-type=\"column\">\n\t\t\t<div class=\"elementor-widget-wrap elementor-element-populated\">\n\t\t\t\t\t\t<div class=\"elementor-element elementor-element-5166771 elementor-widget elementor-widget-spacer\" data-id=\"5166771\" data-element_type=\"widget\" data-e-type=\"widget\" data-widget_type=\"spacer.default\">\n\t\t\t\t<div class=\"elementor-widget-container\">\n\t\t\t\t\t\t\t<div class=\"elementor-spacer\">\n\t\t\t<div class=\"elementor-spacer-inner\"><\/div>\n\t\t<\/div>\n\t\t\t\t\t\t<\/div>\n\t\t\t\t<\/div>\n\t\t\t\t<div class=\"elementor-element elementor-element-0206d25 elementor-widget elementor-widget-heading\" data-id=\"0206d25\" data-element_type=\"widget\" data-e-type=\"widget\" data-widget_type=\"heading.default\">\n\t\t\t\t<div class=\"elementor-widget-container\">\n\t\t\t\t\t<h5 class=\"elementor-heading-title elementor-size-large\">2020 - Aujourd'hui<\/h5>\t\t\t\t<\/div>\n\t\t\t\t<\/div>\n\t\t\t\t<div class=\"elementor-element elementor-element-83e391b elementor-widget elementor-widget-heading\" data-id=\"83e391b\" data-element_type=\"widget\" data-e-type=\"widget\" data-widget_type=\"heading.default\">\n\t\t\t\t<div class=\"elementor-widget-container\">\n\t\t\t\t\t<h3 class=\"elementor-heading-title elementor-size-large\">Rieder Bach Architektur<\/h3>\t\t\t\t<\/div>\n\t\t\t\t<\/div>\n\t\t\t\t<div class=\"elementor-element elementor-element-34c7a59 elementor-widget elementor-widget-text-editor\" data-id=\"34c7a59\" data-element_type=\"widget\" data-e-type=\"widget\" data-widget_type=\"text-editor.default\">\n\t\t\t\t<div class=\"elementor-widget-container\">\n\t\t\t\t\t\t\t\t\t<p>En 2020, Hannes Bach, architecte dipl\u00f4m\u00e9 HES, a rejoint Rieder Architektur en tant que partenaire de Max Rieder. \u00c0 partir de 2022, cette collaboration \u00e9prouv\u00e9e se poursuivra avec une nouvelle pr\u00e9sentation et sous le nouveau nom de Rieder Bach Architektur.<\/p>\t\t\t\t\t\t\t\t<\/div>\n\t\t\t\t<\/div>\n\t\t\t\t\t<\/div>\n\t\t<\/div>\n\t\t\t\t<div class=\"elementor-column elementor-col-50 elementor-top-column elementor-element elementor-element-b8c965c\" data-id=\"b8c965c\" data-element_type=\"column\" data-e-type=\"column\">\n\t\t\t<div class=\"elementor-widget-wrap elementor-element-populated\">\n\t\t\t\t\t\t<div class=\"elementor-element elementor-element-fc8ec21 elementor-widget elementor-widget-image\" data-id=\"fc8ec21\" data-element_type=\"widget\" data-e-type=\"widget\" data-widget_type=\"image.default\">\n\t\t\t\t<div class=\"elementor-widget-container\">\n\t\t\t\t\t\t\t\t\t\t\t\t\t\t\t\t<a href=\"https:\/\/riederbach.ch\/wp-content\/uploads\/2021\/08\/maxhannes.jpg\" data-elementor-open-lightbox=\"yes\" data-elementor-lightbox-title=\"max &amp; hannes\" data-e-action-hash=\"#elementor-action%3Aaction%3Dlightbox%26settings%3DeyJpZCI6NTgyMywidXJsIjoiaHR0cHM6XC9cL3JpZWRlcmJhY2guY2hcL3dwLWNvbnRlbnRcL3VwbG9hZHNcLzIwMjFcLzA4XC9tYXhoYW5uZXMuanBnIn0%3D\">\n\t\t\t\t\t\t\t<img loading=\"lazy\" decoding=\"async\" width=\"768\" height=\"537\" src=\"https:\/\/riederbach.ch\/wp-content\/uploads\/2021\/08\/maxhannes-768x537.jpg\" class=\"attachment-medium_large size-medium_large wp-image-5823\" alt=\"\" srcset=\"https:\/\/riederbach.ch\/wp-content\/uploads\/2021\/08\/maxhannes-768x537.jpg 768w, https:\/\/riederbach.ch\/wp-content\/uploads\/2021\/08\/maxhannes-300x210.jpg 300w, https:\/\/riederbach.ch\/wp-content\/uploads\/2021\/08\/maxhannes.jpg 798w\" sizes=\"(max-width: 768px) 100vw, 768px\" \/>\t\t\t\t\t\t\t\t<\/a>\n\t\t\t\t\t\t\t\t\t\t\t\t\t\t\t<\/div>\n\t\t\t\t<\/div>\n\t\t\t\t\t<\/div>\n\t\t<\/div>\n\t\t\t\t\t<\/div>\n\t\t<\/section>\n\t\t\t\t<\/div>\n\t\t","protected":false},"excerpt":{"rendered":"<p>1990 &#8211; 2001 G\u00f6sta Tiemer et Max Rieder Lorsque les deux architectes de talent G\u00f6sta Tiemer et Max Rieder d\u00e9butent leur collaboration en 1990, le r\u00e9sultat est si fructueux qu\u2019ils cr\u00e9ent une ann\u00e9e plus tard la soci\u00e9t\u00e9 en nom collectif Tiemer&amp;Rieder Architektur Gstaad. L\u2019entreprise s\u2019installe \u00e0 la Cheseryplatz \u00e0 Gstaad et emploie 6 collaborateurs. Les&hellip;<\/p>\n","protected":false},"author":1,"featured_media":4895,"parent":0,"menu_order":0,"comment_status":"closed","ping_status":"closed","template":"elementor_header_footer","meta":{"footnotes":""},"class_list":["post-6303","page","type-page","status-publish","has-post-thumbnail","hentry"],"yoast_head":"<!-- This site is optimized with the Yoast SEO plugin v27.4 - https:\/\/yoast.com\/product\/yoast-seo-wordpress\/ -->\n<title>HISTOIRE - RIEDER BACH ARCHITEKTUR GSTAAD<\/title>\n<meta name=\"robots\" content=\"index, follow, max-snippet:-1, max-image-preview:large, max-video-preview:-1\" \/>\n<link rel=\"canonical\" href=\"https:\/\/riederbach.ch\/fr\/histoire\/\" \/>\n<meta property=\"og:locale\" content=\"fr_FR\" \/>\n<meta property=\"og:type\" content=\"article\" \/>\n<meta property=\"og:title\" content=\"HISTOIRE - RIEDER BACH ARCHITEKTUR GSTAAD\" \/>\n<meta property=\"og:description\" content=\"1990 &#8211; 2001 G\u00f6sta Tiemer et Max Rieder Lorsque les deux architectes de talent G\u00f6sta Tiemer et Max Rieder d\u00e9butent leur collaboration en 1990, le r\u00e9sultat est si fructueux qu\u2019ils cr\u00e9ent une ann\u00e9e plus tard la soci\u00e9t\u00e9 en nom collectif Tiemer&amp;Rieder Architektur Gstaad. L\u2019entreprise s\u2019installe \u00e0 la Cheseryplatz \u00e0 Gstaad et emploie 6 collaborateurs. Les&hellip;\" \/>\n<meta property=\"og:url\" content=\"https:\/\/riederbach.ch\/fr\/histoire\/\" \/>\n<meta property=\"og:site_name\" content=\"RIEDER BACH ARCHITEKTUR GSTAAD\" \/>\n<meta property=\"article:publisher\" content=\"https:\/\/www.facebook.com\/riederbach\" \/>\n<meta property=\"article:modified_time\" content=\"2021-12-17T15:47:10+00:00\" \/>\n<meta property=\"og:image\" content=\"https:\/\/riederbach.ch\/wp-content\/uploads\/2021\/08\/home_rb_02.jpg\" \/>\n\t<meta property=\"og:image:width\" content=\"1719\" \/>\n\t<meta property=\"og:image:height\" content=\"1146\" \/>\n\t<meta property=\"og:image:type\" content=\"image\/jpeg\" \/>\n<meta name=\"twitter:card\" content=\"summary_large_image\" \/>\n<meta name=\"twitter:label1\" content=\"Dur\u00e9e de lecture estim\u00e9e\" \/>\n\t<meta name=\"twitter:data1\" content=\"3 minutes\" \/>\n<script type=\"application\/ld+json\" class=\"yoast-schema-graph\">{\"@context\":\"https:\\\/\\\/schema.org\",\"@graph\":[{\"@type\":\"WebPage\",\"@id\":\"https:\\\/\\\/riederbach.ch\\\/fr\\\/histoire\\\/\",\"url\":\"https:\\\/\\\/riederbach.ch\\\/fr\\\/histoire\\\/\",\"name\":\"HISTOIRE - RIEDER BACH ARCHITEKTUR GSTAAD\",\"isPartOf\":{\"@id\":\"https:\\\/\\\/riederbach.ch\\\/fr\\\/#website\"},\"primaryImageOfPage\":{\"@id\":\"https:\\\/\\\/riederbach.ch\\\/fr\\\/histoire\\\/#primaryimage\"},\"image\":{\"@id\":\"https:\\\/\\\/riederbach.ch\\\/fr\\\/histoire\\\/#primaryimage\"},\"thumbnailUrl\":\"https:\\\/\\\/riederbach.ch\\\/wp-content\\\/uploads\\\/2021\\\/08\\\/home_rb_02.jpg\",\"datePublished\":\"2021-10-29T13:27:08+00:00\",\"dateModified\":\"2021-12-17T15:47:10+00:00\",\"breadcrumb\":{\"@id\":\"https:\\\/\\\/riederbach.ch\\\/fr\\\/histoire\\\/#breadcrumb\"},\"inLanguage\":\"fr-FR\",\"potentialAction\":[{\"@type\":\"ReadAction\",\"target\":[\"https:\\\/\\\/riederbach.ch\\\/fr\\\/histoire\\\/\"]}]},{\"@type\":\"ImageObject\",\"inLanguage\":\"fr-FR\",\"@id\":\"https:\\\/\\\/riederbach.ch\\\/fr\\\/histoire\\\/#primaryimage\",\"url\":\"https:\\\/\\\/riederbach.ch\\\/wp-content\\\/uploads\\\/2021\\\/08\\\/home_rb_02.jpg\",\"contentUrl\":\"https:\\\/\\\/riederbach.ch\\\/wp-content\\\/uploads\\\/2021\\\/08\\\/home_rb_02.jpg\",\"width\":1719,\"height\":1146},{\"@type\":\"BreadcrumbList\",\"@id\":\"https:\\\/\\\/riederbach.ch\\\/fr\\\/histoire\\\/#breadcrumb\",\"itemListElement\":[{\"@type\":\"ListItem\",\"position\":1,\"name\":\"Home\",\"item\":\"https:\\\/\\\/riederbach.ch\\\/fr\\\/accueil\\\/\"},{\"@type\":\"ListItem\",\"position\":2,\"name\":\"HISTOIRE\"}]},{\"@type\":\"WebSite\",\"@id\":\"https:\\\/\\\/riederbach.ch\\\/fr\\\/#website\",\"url\":\"https:\\\/\\\/riederbach.ch\\\/fr\\\/\",\"name\":\"RIEDER BACH ARCHITEKTUR GSTAAD\",\"description\":\"RIEDER BACH is a leading architecture office in Gstaad and a market leader in high-end residential architecture in Switzerland.\",\"publisher\":{\"@id\":\"https:\\\/\\\/riederbach.ch\\\/fr\\\/#organization\"},\"potentialAction\":[{\"@type\":\"SearchAction\",\"target\":{\"@type\":\"EntryPoint\",\"urlTemplate\":\"https:\\\/\\\/riederbach.ch\\\/fr\\\/?s={search_term_string}\"},\"query-input\":{\"@type\":\"PropertyValueSpecification\",\"valueRequired\":true,\"valueName\":\"search_term_string\"}}],\"inLanguage\":\"fr-FR\"},{\"@type\":\"Organization\",\"@id\":\"https:\\\/\\\/riederbach.ch\\\/fr\\\/#organization\",\"name\":\"RIEDER BACH ARCHITEKTUR GSTAAD\",\"url\":\"https:\\\/\\\/riederbach.ch\\\/fr\\\/\",\"logo\":{\"@type\":\"ImageObject\",\"inLanguage\":\"fr-FR\",\"@id\":\"https:\\\/\\\/riederbach.ch\\\/fr\\\/#\\\/schema\\\/logo\\\/image\\\/\",\"url\":\"https:\\\/\\\/riederbach.ch\\\/wp-content\\\/uploads\\\/2021\\\/08\\\/logo-350x100-1.png\",\"contentUrl\":\"https:\\\/\\\/riederbach.ch\\\/wp-content\\\/uploads\\\/2021\\\/08\\\/logo-350x100-1.png\",\"width\":350,\"height\":100,\"caption\":\"RIEDER BACH ARCHITEKTUR GSTAAD\"},\"image\":{\"@id\":\"https:\\\/\\\/riederbach.ch\\\/fr\\\/#\\\/schema\\\/logo\\\/image\\\/\"},\"sameAs\":[\"https:\\\/\\\/www.facebook.com\\\/riederbach\",\"https:\\\/\\\/www.instagram.com\\\/riederbach\\\/\",\"https:\\\/\\\/www.linkedin.com\\\/company\\\/11056632\\\/admin\\\/\"]}]}<\/script>\n<!-- \/ Yoast SEO plugin. -->","yoast_head_json":{"title":"HISTOIRE - RIEDER BACH ARCHITEKTUR GSTAAD","robots":{"index":"index","follow":"follow","max-snippet":"max-snippet:-1","max-image-preview":"max-image-preview:large","max-video-preview":"max-video-preview:-1"},"canonical":"https:\/\/riederbach.ch\/fr\/histoire\/","og_locale":"fr_FR","og_type":"article","og_title":"HISTOIRE - RIEDER BACH ARCHITEKTUR GSTAAD","og_description":"1990 &#8211; 2001 G\u00f6sta Tiemer et Max Rieder Lorsque les deux architectes de talent G\u00f6sta Tiemer et Max Rieder d\u00e9butent leur collaboration en 1990, le r\u00e9sultat est si fructueux qu\u2019ils cr\u00e9ent une ann\u00e9e plus tard la soci\u00e9t\u00e9 en nom collectif Tiemer&amp;Rieder Architektur Gstaad. L\u2019entreprise s\u2019installe \u00e0 la Cheseryplatz \u00e0 Gstaad et emploie 6 collaborateurs. Les&hellip;","og_url":"https:\/\/riederbach.ch\/fr\/histoire\/","og_site_name":"RIEDER BACH ARCHITEKTUR GSTAAD","article_publisher":"https:\/\/www.facebook.com\/riederbach","article_modified_time":"2021-12-17T15:47:10+00:00","og_image":[{"width":1719,"height":1146,"url":"https:\/\/riederbach.ch\/wp-content\/uploads\/2021\/08\/home_rb_02.jpg","type":"image\/jpeg"}],"twitter_card":"summary_large_image","twitter_misc":{"Dur\u00e9e de lecture estim\u00e9e":"3 minutes"},"schema":{"@context":"https:\/\/schema.org","@graph":[{"@type":"WebPage","@id":"https:\/\/riederbach.ch\/fr\/histoire\/","url":"https:\/\/riederbach.ch\/fr\/histoire\/","name":"HISTOIRE - RIEDER BACH ARCHITEKTUR GSTAAD","isPartOf":{"@id":"https:\/\/riederbach.ch\/fr\/#website"},"primaryImageOfPage":{"@id":"https:\/\/riederbach.ch\/fr\/histoire\/#primaryimage"},"image":{"@id":"https:\/\/riederbach.ch\/fr\/histoire\/#primaryimage"},"thumbnailUrl":"https:\/\/riederbach.ch\/wp-content\/uploads\/2021\/08\/home_rb_02.jpg","datePublished":"2021-10-29T13:27:08+00:00","dateModified":"2021-12-17T15:47:10+00:00","breadcrumb":{"@id":"https:\/\/riederbach.ch\/fr\/histoire\/#breadcrumb"},"inLanguage":"fr-FR","potentialAction":[{"@type":"ReadAction","target":["https:\/\/riederbach.ch\/fr\/histoire\/"]}]},{"@type":"ImageObject","inLanguage":"fr-FR","@id":"https:\/\/riederbach.ch\/fr\/histoire\/#primaryimage","url":"https:\/\/riederbach.ch\/wp-content\/uploads\/2021\/08\/home_rb_02.jpg","contentUrl":"https:\/\/riederbach.ch\/wp-content\/uploads\/2021\/08\/home_rb_02.jpg","width":1719,"height":1146},{"@type":"BreadcrumbList","@id":"https:\/\/riederbach.ch\/fr\/histoire\/#breadcrumb","itemListElement":[{"@type":"ListItem","position":1,"name":"Home","item":"https:\/\/riederbach.ch\/fr\/accueil\/"},{"@type":"ListItem","position":2,"name":"HISTOIRE"}]},{"@type":"WebSite","@id":"https:\/\/riederbach.ch\/fr\/#website","url":"https:\/\/riederbach.ch\/fr\/","name":"RIEDER BACH ARCHITEKTUR GSTAAD","description":"RIEDER BACH is a leading architecture office in Gstaad and a market leader in high-end residential architecture in Switzerland.","publisher":{"@id":"https:\/\/riederbach.ch\/fr\/#organization"},"potentialAction":[{"@type":"SearchAction","target":{"@type":"EntryPoint","urlTemplate":"https:\/\/riederbach.ch\/fr\/?s={search_term_string}"},"query-input":{"@type":"PropertyValueSpecification","valueRequired":true,"valueName":"search_term_string"}}],"inLanguage":"fr-FR"},{"@type":"Organization","@id":"https:\/\/riederbach.ch\/fr\/#organization","name":"RIEDER BACH ARCHITEKTUR GSTAAD","url":"https:\/\/riederbach.ch\/fr\/","logo":{"@type":"ImageObject","inLanguage":"fr-FR","@id":"https:\/\/riederbach.ch\/fr\/#\/schema\/logo\/image\/","url":"https:\/\/riederbach.ch\/wp-content\/uploads\/2021\/08\/logo-350x100-1.png","contentUrl":"https:\/\/riederbach.ch\/wp-content\/uploads\/2021\/08\/logo-350x100-1.png","width":350,"height":100,"caption":"RIEDER BACH ARCHITEKTUR GSTAAD"},"image":{"@id":"https:\/\/riederbach.ch\/fr\/#\/schema\/logo\/image\/"},"sameAs":["https:\/\/www.facebook.com\/riederbach","https:\/\/www.instagram.com\/riederbach\/","https:\/\/www.linkedin.com\/company\/11056632\/admin\/"]}]}},"_links":{"self":[{"href":"https:\/\/riederbach.ch\/fr\/wp-json\/wp\/v2\/pages\/6303","targetHints":{"allow":["GET"]}}],"collection":[{"href":"https:\/\/riederbach.ch\/fr\/wp-json\/wp\/v2\/pages"}],"about":[{"href":"https:\/\/riederbach.ch\/fr\/wp-json\/wp\/v2\/types\/page"}],"author":[{"embeddable":true,"href":"https:\/\/riederbach.ch\/fr\/wp-json\/wp\/v2\/users\/1"}],"replies":[{"embeddable":true,"href":"https:\/\/riederbach.ch\/fr\/wp-json\/wp\/v2\/comments?post=6303"}],"version-history":[{"count":24,"href":"https:\/\/riederbach.ch\/fr\/wp-json\/wp\/v2\/pages\/6303\/revisions"}],"predecessor-version":[{"id":10928,"href":"https:\/\/riederbach.ch\/fr\/wp-json\/wp\/v2\/pages\/6303\/revisions\/10928"}],"wp:featuredmedia":[{"embeddable":true,"href":"https:\/\/riederbach.ch\/fr\/wp-json\/wp\/v2\/media\/4895"}],"wp:attachment":[{"href":"https:\/\/riederbach.ch\/fr\/wp-json\/wp\/v2\/media?parent=6303"}],"curies":[{"name":"wp","href":"https:\/\/api.w.org\/{rel}","templated":true}]}}