{"id":7626,"date":"2021-11-18T09:30:33","date_gmt":"2021-11-18T07:30:33","guid":{"rendered":"https:\/\/riederbach.ch\/perfil\/"},"modified":"2021-12-16T21:11:59","modified_gmt":"2021-12-16T19:11:59","slug":"perfil","status":"publish","type":"page","link":"https:\/\/riederbach.ch\/es\/perfil\/","title":{"rendered":"PERFIL"},"content":{"rendered":"\t\t<div data-elementor-type=\"wp-page\" data-elementor-id=\"7626\" class=\"elementor elementor-7626 elementor-4526\" data-elementor-post-type=\"page\">\n\t\t\t\t\t\t<section class=\"elementor-section elementor-top-section elementor-element elementor-element-e9bebcb elementor-section-height-min-height elementor-section-boxed elementor-section-height-default elementor-section-items-middle\" data-id=\"e9bebcb\" data-element_type=\"section\" data-e-type=\"section\">\n\t\t\t\t\t\t<div class=\"elementor-container elementor-column-gap-default\">\n\t\t\t\t\t<div class=\"elementor-column elementor-col-50 elementor-top-column elementor-element elementor-element-dc97f6b\" data-id=\"dc97f6b\" data-element_type=\"column\" data-e-type=\"column\">\n\t\t\t<div class=\"elementor-widget-wrap elementor-element-populated\">\n\t\t\t\t\t\t<div class=\"elementor-element elementor-element-e6c7dda elementor-widget elementor-widget-text-editor\" data-id=\"e6c7dda\" data-element_type=\"widget\" data-e-type=\"widget\" data-widget_type=\"text-editor.default\">\n\t\t\t\t<div class=\"elementor-widget-container\">\n\t\t\t\t\t\t\t\t\t<h6 style=\"text-align: left;\"><strong>Rieder Architektur se convierte en el nuevo Rieder Bach Architektur<\/strong>\n<strong>&#8211; Nueva apariencia con la calidad de siempre<\/strong><\/h6>\t\t\t\t\t\t\t\t<\/div>\n\t\t\t\t<\/div>\n\t\t\t\t<div class=\"elementor-element elementor-element-26ff2c2 elementor-widget elementor-widget-text-editor\" data-id=\"26ff2c2\" data-element_type=\"widget\" data-e-type=\"widget\" data-widget_type=\"text-editor.default\">\n\t\t\t\t<div class=\"elementor-widget-container\">\n\t\t\t\t\t\t\t\t\t<p class=\"MsoNormal\" style=\"text-align: justify; tab-stops: 288.0pt 342.0pt right 441.0pt;\"><span style=\"font-family: 'Montserrat'; font-size: 10pt; color: var( --e-global-color-text ); letter-spacing: var(--the7-base-letter-spacing); text-transform: var(--the7-base-text-transform); word-spacing: normal;\">Hace dos a\u00f1os,<\/span> <span style=\"font-family: 'Montserrat'; font-size: 10pt; color: var( --e-global-color-text ); letter-spacing: var(--the7-base-letter-spacing); text-transform: var(--the7-base-text-transform); word-spacing: normal;\">Hannes Bach, un arquitecto calificado, se convirti\u00f3 en socio de Max Rieder en Rieder<\/span> <span style=\"font-family: 'Montserrat'; font-size: 10pt; color: var( --e-global-color-text ); letter-spacing: var(--the7-base-letter-spacing); text-transform: var(--the7-base-text-transform); word-spacing: normal;\">Arquitektur. A partir de 2022 a\u00f1o, esta uni\u00f3n continuar\u00e1 <\/span><span style=\"font-family: 'Montserrat'; font-size: 10pt; color: var( --e-global-color-text ); letter-spacing: var(--the7-base-letter-spacing); text-transform: var(--the7-base-text-transform); word-spacing: normal;\">con una nueva imagen y el nuevo nombre<\/span> <b style=\"font-family: 'Montserrat'; font-size: 10pt; color: var( --e-global-color-text ); letter-spacing: var(--the7-base-letter-spacing); text-transform: var(--the7-base-text-transform); word-spacing: normal;\">Rieder<\/b> <b style=\"font-family: 'Montserrat'; font-size: 10pt; color: var( --e-global-color-text ); letter-spacing: var(--the7-base-letter-spacing); text-transform: var(--the7-base-text-transform); word-spacing: normal;\">Bach Architektur<\/b> <span style=\"font-family: 'Montserrat'; font-size: 10pt; color: var( --e-global-color-text ); letter-spacing: var(--the7-base-letter-spacing); text-transform: var(--the7-base-text-transform); word-spacing: normal;\">.<\/span><\/p>\n<p class=\"MsoNormal\" style=\"text-align: justify; tab-stops: 288.0pt 342.0pt right 441.0pt;\"><span style=\"font-family: 'Montserrat'; font-size: 10pt; color: var( --e-global-color-text ); letter-spacing: var(--the7-base-letter-spacing); text-transform: var(--the7-base-text-transform); word-spacing: normal;\">Hace 32 a\u00f1os, Max Rieder comenz\u00f3 su trabajo arquitect\u00f3nico independiente, primero como socio de G\u00f6sta Tiemer en Cheseryplatz en Gstaad. De 2002 a 2019 dirigi\u00f3 y desarroll\u00f3 la oficina de la reconocida empresa de arquitectura Rieder Architektur; desde 2008 con sede en Bahnhofstrasse 5 en Saanen.<\/span><\/p>\n<p class=\"MsoNormal\" style=\"text-align: justify; tab-stops: 288.0pt 342.0pt right 441.0pt;\"><\/p>\t\t\t\t\t\t\t\t<\/div>\n\t\t\t\t<\/div>\n\t\t\t\t\t<\/div>\n\t\t<\/div>\n\t\t\t\t<div class=\"elementor-column elementor-col-50 elementor-top-column elementor-element elementor-element-3445ba9\" data-id=\"3445ba9\" data-element_type=\"column\" data-e-type=\"column\">\n\t\t\t<div class=\"elementor-widget-wrap elementor-element-populated\">\n\t\t\t\t\t\t<div class=\"elementor-element elementor-element-04d3036 elementor-widget elementor-widget-image\" data-id=\"04d3036\" data-element_type=\"widget\" data-e-type=\"widget\" data-widget_type=\"image.default\">\n\t\t\t\t<div class=\"elementor-widget-container\">\n\t\t\t\t\t\t\t\t\t\t\t\t\t\t\t<img decoding=\"async\" src=\"https:\/\/riederbach.ch\/wp-content\/uploads\/2021\/11\/max_hannes_RB-scaled.jpg\" class=\"attachment-full size-full wp-image-7545\" alt=\"\" \/>\t\t\t\t\t\t\t\t\t\t\t\t\t\t\t<\/div>\n\t\t\t\t<\/div>\n\t\t\t\t\t<\/div>\n\t\t<\/div>\n\t\t\t\t\t<\/div>\n\t\t<\/section>\n\t\t\t\t<section class=\"elementor-section elementor-top-section elementor-element elementor-element-1fe2376 elementor-section-boxed elementor-section-height-default elementor-section-height-default\" data-id=\"1fe2376\" data-element_type=\"section\" data-e-type=\"section\">\n\t\t\t\t\t\t<div class=\"elementor-container elementor-column-gap-default\">\n\t\t\t\t\t<div class=\"elementor-column elementor-col-100 elementor-top-column elementor-element elementor-element-f12838c\" data-id=\"f12838c\" data-element_type=\"column\" data-e-type=\"column\">\n\t\t\t<div class=\"elementor-widget-wrap elementor-element-populated\">\n\t\t\t\t\t\t<div class=\"elementor-element elementor-element-f6ab4d9 elementor-widget elementor-widget-text-editor\" data-id=\"f6ab4d9\" data-element_type=\"widget\" data-e-type=\"widget\" data-widget_type=\"text-editor.default\">\n\t\t\t\t<div class=\"elementor-widget-container\">\n\t\t\t\t\t\t\t\t\t<p style=\"text-align: justify; tab-stops: 288.0pt 342.0pt right 441.0pt;\"><span style=\"font-size: 10.0pt; font-family: 'Montserrat';\">La uni\u00f3n entre los arquitectos Max Rieder y Hannes Bach existe desde hace dos a\u00f1os. Dos generaciones que combinan experiencia, tradici\u00f3n e innovaci\u00f3n. Juntos garantizan una continuidad perfecta y un mayor desarrollo de la empresa. Los dos arquitectos locales est\u00e1n muy bien anclados a nivel local y se caracterizan por su gran solidaridad y compromiso con su tierra natal: el mayor desarrollo de la regi\u00f3n manteniendo la calidad y los valores de Saanenland es importante para ellos y es una parte constante de su trabajo.<\/span><\/p>\n<p style=\"text-align: justify; tab-stops: 288.0pt 342.0pt right 441.0pt;\"><span style=\"font-family: 'Montserrat'; font-size: 10pt; color: var( --e-global-color-text ); letter-spacing: var(--the7-base-letter-spacing); text-transform: var(--the7-base-text-transform); word-spacing: normal;\">La empresa Rieder Bach Architektur cuenta con 22 empleados experimentados y calificados, adem<\/span><span style=\"font-family: 'Montserrat'; font-size: 13.3333px;\">\u00e1<\/span><span style=\"font-family: 'Montserrat'; font-size: 10pt; color: var( --e-global-color-text ); letter-spacing: var(--the7-base-letter-spacing); text-transform: var(--the7-base-text-transform); word-spacing: normal;\">s forma a sus propios especialistas. Representa la artesan\u00eda local, la tradici\u00f3n, la innovaci\u00f3n, as\u00ed como el servicio individualizado y espec\u00edfico para el cliente. Rieder Bach Architektur es su proveedor de servicios generales para tareas de planificaci\u00f3n y construcci\u00f3n al m\u00e1s alto nivel, desde el dise\u00f1o cl\u00e1sico y los servicios arquitect\u00f3nicos, el desarrollo de proyectos en todas las fases hasta el dise\u00f1o de interiores.<\/span><\/p>\t\t\t\t\t\t\t\t<\/div>\n\t\t\t\t<\/div>\n\t\t\t\t\t<\/div>\n\t\t<\/div>\n\t\t\t\t\t<\/div>\n\t\t<\/section>\n\t\t\t\t<section class=\"elementor-section elementor-top-section elementor-element elementor-element-16acf6a elementor-section-height-min-height elementor-section-boxed elementor-section-height-default elementor-section-items-middle\" data-id=\"16acf6a\" data-element_type=\"section\" data-e-type=\"section\">\n\t\t\t\t\t\t<div class=\"elementor-container elementor-column-gap-default\">\n\t\t\t\t\t<div class=\"elementor-column elementor-col-50 elementor-top-column elementor-element elementor-element-d11065d\" data-id=\"d11065d\" data-element_type=\"column\" data-e-type=\"column\">\n\t\t\t<div class=\"elementor-widget-wrap elementor-element-populated\">\n\t\t\t\t\t\t<div class=\"elementor-element elementor-element-c5c43e5 elementor-widget elementor-widget-image\" data-id=\"c5c43e5\" data-element_type=\"widget\" data-e-type=\"widget\" data-widget_type=\"image.default\">\n\t\t\t\t<div class=\"elementor-widget-container\">\n\t\t\t\t\t\t\t\t\t\t\t\t\t\t\t\t<a href=\"https:\/\/riederbach.ch\/wp-content\/uploads\/2021\/11\/DSC_0467_edited2-scaled.jpg\" data-elementor-open-lightbox=\"yes\" data-elementor-lightbox-title=\"DSC_0467_edited2\" data-e-action-hash=\"#elementor-action%3Aaction%3Dlightbox%26settings%3DeyJpZCI6NzYwNCwidXJsIjoiaHR0cHM6XC9cL3JpZWRlcmJhY2guY2hcL3dwLWNvbnRlbnRcL3VwbG9hZHNcLzIwMjFcLzExXC9EU0NfMDQ2N19lZGl0ZWQyLXNjYWxlZC5qcGcifQ%3D%3D\">\n\t\t\t\t\t\t\t<img fetchpriority=\"high\" decoding=\"async\" width=\"2560\" height=\"1700\" src=\"https:\/\/riederbach.ch\/wp-content\/uploads\/2021\/11\/DSC_0467_edited2-scaled.jpg\" class=\"attachment-full size-full wp-image-7604\" alt=\"\" srcset=\"https:\/\/riederbach.ch\/wp-content\/uploads\/2021\/11\/DSC_0467_edited2-scaled.jpg 2560w, https:\/\/riederbach.ch\/wp-content\/uploads\/2021\/11\/DSC_0467_edited2-300x199.jpg 300w, https:\/\/riederbach.ch\/wp-content\/uploads\/2021\/11\/DSC_0467_edited2-1024x680.jpg 1024w, https:\/\/riederbach.ch\/wp-content\/uploads\/2021\/11\/DSC_0467_edited2-768x510.jpg 768w, https:\/\/riederbach.ch\/wp-content\/uploads\/2021\/11\/DSC_0467_edited2-1536x1020.jpg 1536w, https:\/\/riederbach.ch\/wp-content\/uploads\/2021\/11\/DSC_0467_edited2-2048x1360.jpg 2048w\" sizes=\"(max-width: 2560px) 100vw, 2560px\" \/>\t\t\t\t\t\t\t\t<\/a>\n\t\t\t\t\t\t\t\t\t\t\t\t\t\t\t<\/div>\n\t\t\t\t<\/div>\n\t\t\t\t\t<\/div>\n\t\t<\/div>\n\t\t\t\t<div class=\"elementor-column elementor-col-50 elementor-top-column elementor-element elementor-element-414d79c\" data-id=\"414d79c\" data-element_type=\"column\" data-e-type=\"column\">\n\t\t\t<div class=\"elementor-widget-wrap elementor-element-populated\">\n\t\t\t\t\t\t<div class=\"elementor-element elementor-element-03a20aa elementor-widget elementor-widget-text-editor\" data-id=\"03a20aa\" data-element_type=\"widget\" data-e-type=\"widget\" data-widget_type=\"text-editor.default\">\n\t\t\t\t<div class=\"elementor-widget-container\">\n\t\t\t\t\t\t\t\t\t<h6 style=\"text-align: left;\"><strong>Oficina &#8211; Bahnhofstrasse 5&nbsp;<\/strong><\/h6>\t\t\t\t\t\t\t\t<\/div>\n\t\t\t\t<\/div>\n\t\t\t\t<div class=\"elementor-element elementor-element-3e87f4f elementor-widget elementor-widget-text-editor\" data-id=\"3e87f4f\" data-element_type=\"widget\" data-e-type=\"widget\" data-widget_type=\"text-editor.default\">\n\t\t\t\t<div class=\"elementor-widget-container\">\n\t\t\t\t\t\t\t\t\t<p class=\"MsoNormal\" style=\"background-image: initial; background-position: initial; background-size: initial; background-repeat: initial; background-attachment: initial; background-origin: initial; background-clip: initial; text-align: left;\"><span style=\"font-size: 10.0pt; font-family: 'Montserrat'; color: black; mso-fareast-language: DE;\">El chalet \u00abAlte Post\u00bb fue construido en 1905, cuando el ferrocarril MOB (Montreux-Bernese Oberland) lleg\u00f3 a Saanen. Anteriormente, la oficina de correos estaba situada en la calle principal, pero se traslad\u00f3 m\u00e1s cerca de la estaci\u00f3n de tren por motivos pr\u00e1cticos.\u00a0<\/span><span style=\"color: black; font-family: 'Montserrat'; font-size: 10pt; letter-spacing: var(--the7-base-letter-spacing); text-transform: var(--the7-base-text-transform); word-spacing: normal;\">En la planta baja\u00a0<\/span><span style=\"color: black; font-family: 'Montserrat'; font-size: 10pt; letter-spacing: var(--the7-base-letter-spacing); text-transform: var(--the7-base-text-transform); word-spacing: normal;\">la tesorer\u00eda municipal instal\u00f3 sus oficinas adem\u00e1s de la oficina de correos.\u00a0<\/span><\/p>\n<p style=\"text-align: left;\"><span style=\"color: black; font-family: 'Montserrat'; font-size: 10pt; letter-spacing: var(--the7-base-letter-spacing); text-transform: var(--the7-base-text-transform); word-spacing: normal;\">En la parte superior hab\u00eda dos apartamentos en el primer piso que se alquilaban todo el a\u00f1o. <\/span><span style=\"color: black; font-family: 'Montserrat'; font-size: 10pt; letter-spacing: var(--the7-base-letter-spacing); text-transform: var(--the7-base-text-transform); word-spacing: normal;\">En la tesorer\u00eda municipal,\u00a0<\/span><span style=\"color: black; font-family: 'Montserrat'; font-size: 10pt; letter-spacing: var(--the7-base-letter-spacing); text-transform: var(--the7-base-text-transform); word-spacing: normal;\">el notario Walter M\u00fcller, instal\u00f3 su oficina en un local\u00a0<\/span><span style=\"color: black; font-family: 'Montserrat'; font-size: 10pt; letter-spacing: var(--the7-base-letter-spacing); text-transform: var(--the7-base-text-transform); word-spacing: normal;\">que conserv\u00f3 su hijo Michel hasta 2007.\u00a0<\/span><\/p>\n<p style=\"text-align: left;;font-family:\"montserrat\"\"><\/p>\t\t\t\t\t\t\t\t<\/div>\n\t\t\t\t<\/div>\n\t\t\t\t\t<\/div>\n\t\t<\/div>\n\t\t\t\t\t<\/div>\n\t\t<\/section>\n\t\t\t\t<section class=\"elementor-section elementor-top-section elementor-element elementor-element-c45fb18 elementor-section-boxed elementor-section-height-default elementor-section-height-default\" data-id=\"c45fb18\" data-element_type=\"section\" data-e-type=\"section\">\n\t\t\t\t\t\t<div class=\"elementor-container elementor-column-gap-default\">\n\t\t\t\t\t<div class=\"elementor-column elementor-col-100 elementor-top-column elementor-element elementor-element-a32a05a\" data-id=\"a32a05a\" data-element_type=\"column\" data-e-type=\"column\">\n\t\t\t<div class=\"elementor-widget-wrap elementor-element-populated\">\n\t\t\t\t\t\t<div class=\"elementor-element elementor-element-fd45998 elementor-widget elementor-widget-text-editor\" data-id=\"fd45998\" data-element_type=\"widget\" data-e-type=\"widget\" data-widget_type=\"text-editor.default\">\n\t\t\t\t<div class=\"elementor-widget-container\">\n\t\t\t\t\t\t\t\t\t<p class=\"MsoNormal\" style=\"background-image: initial; background-position: initial; background-size: initial; background-repeat: initial; background-attachment: initial; background-origin: initial; background-clip: initial; text-align: justify;\"><span style=\"font-size: 10pt; font-family: 'Montserrat'; color: black;\">A principios de la d\u00e9cada de 1970, cuando la Oficina de Correos se traslad\u00f3 a un nuevo edificio justo enfrente de la antigua oficina de Correos, la Escuela Internacional John F. Kennedy se hizo cargo de los locales de la planta baja, <\/span><span style=\"color: black; font-family: 'Montserrat'; font-size: 10pt; letter-spacing: var(--the7-base-letter-spacing); text-transform: var(--the7-base-text-transform); word-spacing: normal;\">mientras que el piso superior segu\u00eda alquilado. <\/span><span style=\"color: black; font-family: 'Montserrat'; font-size: 10pt; letter-spacing: var(--the7-base-letter-spacing); text-transform: var(--the7-base-text-transform); word-spacing: normal;\">El antiguo chalet de correos fue adquirido por Max Rieder en 2007 y renovado por completo. <\/span><span style=\"color: black; font-family: 'Montserrat'; font-size: 10pt; letter-spacing: var(--the7-base-letter-spacing); text-transform: var(--the7-base-text-transform); word-spacing: normal;\">Desde 2008 alberga las oficinas de Rieder Bach Architektur AG.<\/span><\/p>\n<p style=\"text-align: justify; tab-stops: 288.0pt 342.0pt right 441.0pt;\"><\/p>\t\t\t\t\t\t\t\t<\/div>\n\t\t\t\t<\/div>\n\t\t\t\t<div class=\"elementor-element elementor-element-ec28871 elementor-arrows-position-inside elementor-widget elementor-widget-image-carousel\" data-id=\"ec28871\" data-element_type=\"widget\" data-e-type=\"widget\" data-settings=\"{&quot;navigation&quot;:&quot;arrows&quot;,&quot;image_spacing_custom&quot;:{&quot;unit&quot;:&quot;px&quot;,&quot;size&quot;:15,&quot;sizes&quot;:[]},&quot;autoplay&quot;:&quot;yes&quot;,&quot;pause_on_hover&quot;:&quot;yes&quot;,&quot;pause_on_interaction&quot;:&quot;yes&quot;,&quot;autoplay_speed&quot;:5000,&quot;infinite&quot;:&quot;yes&quot;,&quot;speed&quot;:500,&quot;image_spacing_custom_tablet&quot;:{&quot;unit&quot;:&quot;px&quot;,&quot;size&quot;:&quot;&quot;,&quot;sizes&quot;:[]},&quot;image_spacing_custom_mobile&quot;:{&quot;unit&quot;:&quot;px&quot;,&quot;size&quot;:&quot;&quot;,&quot;sizes&quot;:[]}}\" data-widget_type=\"image-carousel.default\">\n\t\t\t\t<div class=\"elementor-widget-container\">\n\t\t\t\t\t\t\t<div class=\"elementor-image-carousel-wrapper swiper\" role=\"region\" aria-roledescription=\"carousel\" aria-label=\"Carrusel de im\u00e1genes\" dir=\"ltr\">\n\t\t\t<div class=\"elementor-image-carousel swiper-wrapper\" aria-live=\"off\">\n\t\t\t\t\t\t\t\t<div class=\"swiper-slide\" role=\"group\" aria-roledescription=\"slide\" aria-label=\"1 de 7\"><figure class=\"swiper-slide-inner\"><img decoding=\"async\" class=\"swiper-slide-image\" src=\"https:\/\/riederbach.ch\/wp-content\/uploads\/2021\/11\/rieder-architektur-interior-3288.jpg\" alt=\"rieder-arquitectura-interior-3288\" \/><\/figure><\/div><div class=\"swiper-slide\" role=\"group\" aria-roledescription=\"slide\" aria-label=\"2 de 7\"><figure class=\"swiper-slide-inner\"><img decoding=\"async\" class=\"swiper-slide-image\" src=\"https:\/\/riederbach.ch\/wp-content\/uploads\/2021\/11\/rieder-architektur-interior-3275.jpg\" alt=\"rieder-arquitectura-interior-3275\" \/><\/figure><\/div><div class=\"swiper-slide\" role=\"group\" aria-roledescription=\"slide\" aria-label=\"3 de 7\"><figure class=\"swiper-slide-inner\"><img decoding=\"async\" class=\"swiper-slide-image\" src=\"https:\/\/riederbach.ch\/wp-content\/uploads\/2021\/11\/rieder-architektur-interior-3225.jpg\" alt=\"rieder-arquitectura-interior-3225\" \/><\/figure><\/div><div class=\"swiper-slide\" role=\"group\" aria-roledescription=\"slide\" aria-label=\"4 de 7\"><figure class=\"swiper-slide-inner\"><img decoding=\"async\" class=\"swiper-slide-image\" src=\"https:\/\/riederbach.ch\/wp-content\/uploads\/2021\/11\/rieder-architektur-interior-3199.jpg\" alt=\"rieder-arquitectura-interior-3199\" \/><\/figure><\/div><div class=\"swiper-slide\" role=\"group\" aria-roledescription=\"slide\" aria-label=\"5 de 7\"><figure class=\"swiper-slide-inner\"><img decoding=\"async\" class=\"swiper-slide-image\" src=\"https:\/\/riederbach.ch\/wp-content\/uploads\/2021\/11\/rieder-architektur-interior-3180.jpg\" alt=\"rieder-arquitectura-interior-3180\" \/><\/figure><\/div><div class=\"swiper-slide\" role=\"group\" aria-roledescription=\"slide\" aria-label=\"6 de 7\"><figure class=\"swiper-slide-inner\"><img decoding=\"async\" class=\"swiper-slide-image\" src=\"https:\/\/riederbach.ch\/wp-content\/uploads\/2021\/11\/rieder-architektur-interior-3153.jpg\" alt=\"rieder-arquitectura-interior-3153\" \/><\/figure><\/div><div class=\"swiper-slide\" role=\"group\" aria-roledescription=\"slide\" aria-label=\"7 de 7\"><figure class=\"swiper-slide-inner\"><img decoding=\"async\" class=\"swiper-slide-image\" src=\"https:\/\/riederbach.ch\/wp-content\/uploads\/2021\/11\/rieder-architektur-interior-3142.jpg\" alt=\"rieder-arquitectura-interior-3142\" \/><\/figure><\/div>\t\t\t<\/div>\n\t\t\t\t\t\t\t\t\t\t\t\t<div class=\"elementor-swiper-button elementor-swiper-button-prev\" role=\"button\" tabindex=\"0\">\n\t\t\t\t\t\t<i aria-hidden=\"true\" class=\"eicon-chevron-left\"><\/i>\t\t\t\t\t<\/div>\n\t\t\t\t\t<div class=\"elementor-swiper-button elementor-swiper-button-next\" role=\"button\" tabindex=\"0\">\n\t\t\t\t\t\t<i aria-hidden=\"true\" class=\"eicon-chevron-right\"><\/i>\t\t\t\t\t<\/div>\n\t\t\t\t\n\t\t\t\t\t\t\t\t\t<\/div>\n\t\t\t\t\t\t<\/div>\n\t\t\t\t<\/div>\n\t\t\t\t\t<\/div>\n\t\t<\/div>\n\t\t\t\t\t<\/div>\n\t\t<\/section>\n\t\t\t\t<\/div>\n\t\t","protected":false},"excerpt":{"rendered":"<p>Rieder Architektur se convierte en el nuevo Rieder Bach Architektur &#8211; Nueva apariencia con la calidad de siempre Hace dos a\u00f1os, Hannes Bach, un arquitecto calificado, se convirti\u00f3 en socio de Max Rieder en Rieder Arquitektur. A partir de 2022 a\u00f1o, esta uni\u00f3n continuar\u00e1 con una nueva imagen y el nuevo nombre Rieder Bach Architektur&hellip;<\/p>\n","protected":false},"author":1,"featured_media":4896,"parent":0,"menu_order":0,"comment_status":"closed","ping_status":"closed","template":"elementor_header_footer","meta":{"footnotes":""},"class_list":["post-7626","page","type-page","status-publish","has-post-thumbnail","hentry"],"yoast_head":"<!-- This site is optimized with the Yoast SEO plugin v27.4 - https:\/\/yoast.com\/product\/yoast-seo-wordpress\/ -->\n<title>PERFIL - RIEDER BACH ARCHITEKTUR GSTAAD DESDE 1990<\/title>\n<meta name=\"description\" content=\"Bienvenidos a nuestra casa. Somos una oficina de arquitectura l\u00edder en Gstaad y pionera del mercado en arquitectura residencial de alta gama en Suiza.\" \/>\n<meta name=\"robots\" content=\"index, follow, max-snippet:-1, max-image-preview:large, max-video-preview:-1\" \/>\n<link rel=\"canonical\" href=\"https:\/\/riederbach.ch\/es\/perfil\/\" \/>\n<meta property=\"og:locale\" content=\"es_ES\" \/>\n<meta property=\"og:type\" content=\"article\" \/>\n<meta property=\"og:title\" content=\"PERFIL - RIEDER BACH ARCHITEKTUR GSTAAD DESDE 1990\" \/>\n<meta property=\"og:description\" content=\"Bienvenidos a nuestra casa. Somos una oficina de arquitectura l\u00edder en Gstaad y pionera del mercado en arquitectura residencial de alta gama en Suiza.\" \/>\n<meta property=\"og:url\" content=\"https:\/\/riederbach.ch\/es\/perfil\/\" \/>\n<meta property=\"og:site_name\" content=\"RIEDER BACH ARCHITEKTUR GSTAAD\" \/>\n<meta property=\"article:publisher\" content=\"https:\/\/www.facebook.com\/riederbach\" \/>\n<meta property=\"article:modified_time\" content=\"2021-12-16T19:11:59+00:00\" \/>\n<meta property=\"og:image\" content=\"https:\/\/riederbach.ch\/wp-content\/uploads\/2021\/08\/home_rb_02.jpg\" \/>\n\t<meta property=\"og:image:width\" content=\"1719\" \/>\n\t<meta property=\"og:image:height\" content=\"1146\" \/>\n\t<meta property=\"og:image:type\" content=\"image\/jpeg\" \/>\n<meta name=\"twitter:card\" content=\"summary_large_image\" \/>\n<meta name=\"twitter:label1\" content=\"Tiempo de lectura\" \/>\n\t<meta name=\"twitter:data1\" content=\"6 minutos\" \/>\n<script type=\"application\/ld+json\" class=\"yoast-schema-graph\">{\"@context\":\"https:\\\/\\\/schema.org\",\"@graph\":[{\"@type\":\"WebPage\",\"@id\":\"https:\\\/\\\/riederbach.ch\\\/es\\\/perfil\\\/\",\"url\":\"https:\\\/\\\/riederbach.ch\\\/es\\\/perfil\\\/\",\"name\":\"PERFIL - RIEDER BACH ARCHITEKTUR GSTAAD DESDE 1990\",\"isPartOf\":{\"@id\":\"https:\\\/\\\/riederbach.ch\\\/es\\\/#website\"},\"primaryImageOfPage\":{\"@id\":\"https:\\\/\\\/riederbach.ch\\\/es\\\/perfil\\\/#primaryimage\"},\"image\":{\"@id\":\"https:\\\/\\\/riederbach.ch\\\/es\\\/perfil\\\/#primaryimage\"},\"thumbnailUrl\":\"https:\\\/\\\/riederbach.ch\\\/wp-content\\\/uploads\\\/2021\\\/08\\\/home_rb_02.jpg\",\"datePublished\":\"2021-11-18T07:30:33+00:00\",\"dateModified\":\"2021-12-16T19:11:59+00:00\",\"description\":\"Bienvenidos a nuestra casa. Somos una oficina de arquitectura l\u00edder en Gstaad y pionera del mercado en arquitectura residencial de alta gama en Suiza.\",\"breadcrumb\":{\"@id\":\"https:\\\/\\\/riederbach.ch\\\/es\\\/perfil\\\/#breadcrumb\"},\"inLanguage\":\"es\",\"potentialAction\":[{\"@type\":\"ReadAction\",\"target\":[\"https:\\\/\\\/riederbach.ch\\\/es\\\/perfil\\\/\"]}]},{\"@type\":\"ImageObject\",\"inLanguage\":\"es\",\"@id\":\"https:\\\/\\\/riederbach.ch\\\/es\\\/perfil\\\/#primaryimage\",\"url\":\"https:\\\/\\\/riederbach.ch\\\/wp-content\\\/uploads\\\/2021\\\/08\\\/home_rb_02.jpg\",\"contentUrl\":\"https:\\\/\\\/riederbach.ch\\\/wp-content\\\/uploads\\\/2021\\\/08\\\/home_rb_02.jpg\",\"width\":1719,\"height\":1146},{\"@type\":\"BreadcrumbList\",\"@id\":\"https:\\\/\\\/riederbach.ch\\\/es\\\/perfil\\\/#breadcrumb\",\"itemListElement\":[{\"@type\":\"ListItem\",\"position\":1,\"name\":\"Home\",\"item\":\"https:\\\/\\\/riederbach.ch\\\/es\\\/hogar\\\/\"},{\"@type\":\"ListItem\",\"position\":2,\"name\":\"PERFIL\"}]},{\"@type\":\"WebSite\",\"@id\":\"https:\\\/\\\/riederbach.ch\\\/es\\\/#website\",\"url\":\"https:\\\/\\\/riederbach.ch\\\/es\\\/\",\"name\":\"RIEDER BACH ARCHITEKTUR GSTAAD\",\"description\":\"RIEDER BACH is a leading architecture office in Gstaad and a market leader in high-end residential architecture in Switzerland.\",\"publisher\":{\"@id\":\"https:\\\/\\\/riederbach.ch\\\/es\\\/#organization\"},\"potentialAction\":[{\"@type\":\"SearchAction\",\"target\":{\"@type\":\"EntryPoint\",\"urlTemplate\":\"https:\\\/\\\/riederbach.ch\\\/es\\\/?s={search_term_string}\"},\"query-input\":{\"@type\":\"PropertyValueSpecification\",\"valueRequired\":true,\"valueName\":\"search_term_string\"}}],\"inLanguage\":\"es\"},{\"@type\":\"Organization\",\"@id\":\"https:\\\/\\\/riederbach.ch\\\/es\\\/#organization\",\"name\":\"RIEDER BACH ARCHITEKTUR GSTAAD\",\"url\":\"https:\\\/\\\/riederbach.ch\\\/es\\\/\",\"logo\":{\"@type\":\"ImageObject\",\"inLanguage\":\"es\",\"@id\":\"https:\\\/\\\/riederbach.ch\\\/es\\\/#\\\/schema\\\/logo\\\/image\\\/\",\"url\":\"https:\\\/\\\/riederbach.ch\\\/wp-content\\\/uploads\\\/2021\\\/08\\\/logo-350x100-1.png\",\"contentUrl\":\"https:\\\/\\\/riederbach.ch\\\/wp-content\\\/uploads\\\/2021\\\/08\\\/logo-350x100-1.png\",\"width\":350,\"height\":100,\"caption\":\"RIEDER BACH ARCHITEKTUR GSTAAD\"},\"image\":{\"@id\":\"https:\\\/\\\/riederbach.ch\\\/es\\\/#\\\/schema\\\/logo\\\/image\\\/\"},\"sameAs\":[\"https:\\\/\\\/www.facebook.com\\\/riederbach\",\"https:\\\/\\\/www.instagram.com\\\/riederbach\\\/\",\"https:\\\/\\\/www.linkedin.com\\\/company\\\/11056632\\\/admin\\\/\"]}]}<\/script>\n<!-- \/ Yoast SEO plugin. -->","yoast_head_json":{"title":"PERFIL - RIEDER BACH ARCHITEKTUR GSTAAD DESDE 1990","description":"Bienvenidos a nuestra casa. Somos una oficina de arquitectura l\u00edder en Gstaad y pionera del mercado en arquitectura residencial de alta gama en Suiza.","robots":{"index":"index","follow":"follow","max-snippet":"max-snippet:-1","max-image-preview":"max-image-preview:large","max-video-preview":"max-video-preview:-1"},"canonical":"https:\/\/riederbach.ch\/es\/perfil\/","og_locale":"es_ES","og_type":"article","og_title":"PERFIL - RIEDER BACH ARCHITEKTUR GSTAAD DESDE 1990","og_description":"Bienvenidos a nuestra casa. Somos una oficina de arquitectura l\u00edder en Gstaad y pionera del mercado en arquitectura residencial de alta gama en Suiza.","og_url":"https:\/\/riederbach.ch\/es\/perfil\/","og_site_name":"RIEDER BACH ARCHITEKTUR GSTAAD","article_publisher":"https:\/\/www.facebook.com\/riederbach","article_modified_time":"2021-12-16T19:11:59+00:00","og_image":[{"width":1719,"height":1146,"url":"https:\/\/riederbach.ch\/wp-content\/uploads\/2021\/08\/home_rb_02.jpg","type":"image\/jpeg"}],"twitter_card":"summary_large_image","twitter_misc":{"Tiempo de lectura":"6 minutos"},"schema":{"@context":"https:\/\/schema.org","@graph":[{"@type":"WebPage","@id":"https:\/\/riederbach.ch\/es\/perfil\/","url":"https:\/\/riederbach.ch\/es\/perfil\/","name":"PERFIL - RIEDER BACH ARCHITEKTUR GSTAAD DESDE 1990","isPartOf":{"@id":"https:\/\/riederbach.ch\/es\/#website"},"primaryImageOfPage":{"@id":"https:\/\/riederbach.ch\/es\/perfil\/#primaryimage"},"image":{"@id":"https:\/\/riederbach.ch\/es\/perfil\/#primaryimage"},"thumbnailUrl":"https:\/\/riederbach.ch\/wp-content\/uploads\/2021\/08\/home_rb_02.jpg","datePublished":"2021-11-18T07:30:33+00:00","dateModified":"2021-12-16T19:11:59+00:00","description":"Bienvenidos a nuestra casa. Somos una oficina de arquitectura l\u00edder en Gstaad y pionera del mercado en arquitectura residencial de alta gama en Suiza.","breadcrumb":{"@id":"https:\/\/riederbach.ch\/es\/perfil\/#breadcrumb"},"inLanguage":"es","potentialAction":[{"@type":"ReadAction","target":["https:\/\/riederbach.ch\/es\/perfil\/"]}]},{"@type":"ImageObject","inLanguage":"es","@id":"https:\/\/riederbach.ch\/es\/perfil\/#primaryimage","url":"https:\/\/riederbach.ch\/wp-content\/uploads\/2021\/08\/home_rb_02.jpg","contentUrl":"https:\/\/riederbach.ch\/wp-content\/uploads\/2021\/08\/home_rb_02.jpg","width":1719,"height":1146},{"@type":"BreadcrumbList","@id":"https:\/\/riederbach.ch\/es\/perfil\/#breadcrumb","itemListElement":[{"@type":"ListItem","position":1,"name":"Home","item":"https:\/\/riederbach.ch\/es\/hogar\/"},{"@type":"ListItem","position":2,"name":"PERFIL"}]},{"@type":"WebSite","@id":"https:\/\/riederbach.ch\/es\/#website","url":"https:\/\/riederbach.ch\/es\/","name":"RIEDER BACH ARCHITEKTUR GSTAAD","description":"RIEDER BACH is a leading architecture office in Gstaad and a market leader in high-end residential architecture in Switzerland.","publisher":{"@id":"https:\/\/riederbach.ch\/es\/#organization"},"potentialAction":[{"@type":"SearchAction","target":{"@type":"EntryPoint","urlTemplate":"https:\/\/riederbach.ch\/es\/?s={search_term_string}"},"query-input":{"@type":"PropertyValueSpecification","valueRequired":true,"valueName":"search_term_string"}}],"inLanguage":"es"},{"@type":"Organization","@id":"https:\/\/riederbach.ch\/es\/#organization","name":"RIEDER BACH ARCHITEKTUR GSTAAD","url":"https:\/\/riederbach.ch\/es\/","logo":{"@type":"ImageObject","inLanguage":"es","@id":"https:\/\/riederbach.ch\/es\/#\/schema\/logo\/image\/","url":"https:\/\/riederbach.ch\/wp-content\/uploads\/2021\/08\/logo-350x100-1.png","contentUrl":"https:\/\/riederbach.ch\/wp-content\/uploads\/2021\/08\/logo-350x100-1.png","width":350,"height":100,"caption":"RIEDER BACH ARCHITEKTUR GSTAAD"},"image":{"@id":"https:\/\/riederbach.ch\/es\/#\/schema\/logo\/image\/"},"sameAs":["https:\/\/www.facebook.com\/riederbach","https:\/\/www.instagram.com\/riederbach\/","https:\/\/www.linkedin.com\/company\/11056632\/admin\/"]}]}},"_links":{"self":[{"href":"https:\/\/riederbach.ch\/es\/wp-json\/wp\/v2\/pages\/7626","targetHints":{"allow":["GET"]}}],"collection":[{"href":"https:\/\/riederbach.ch\/es\/wp-json\/wp\/v2\/pages"}],"about":[{"href":"https:\/\/riederbach.ch\/es\/wp-json\/wp\/v2\/types\/page"}],"author":[{"embeddable":true,"href":"https:\/\/riederbach.ch\/es\/wp-json\/wp\/v2\/users\/1"}],"replies":[{"embeddable":true,"href":"https:\/\/riederbach.ch\/es\/wp-json\/wp\/v2\/comments?post=7626"}],"version-history":[{"count":35,"href":"https:\/\/riederbach.ch\/es\/wp-json\/wp\/v2\/pages\/7626\/revisions"}],"predecessor-version":[{"id":10630,"href":"https:\/\/riederbach.ch\/es\/wp-json\/wp\/v2\/pages\/7626\/revisions\/10630"}],"wp:featuredmedia":[{"embeddable":true,"href":"https:\/\/riederbach.ch\/es\/wp-json\/wp\/v2\/media\/4896"}],"wp:attachment":[{"href":"https:\/\/riederbach.ch\/es\/wp-json\/wp\/v2\/media?parent=7626"}],"curies":[{"name":"wp","href":"https:\/\/api.w.org\/{rel}","templated":true}]}}